{"id":591,"date":"2012-11-15T10:59:18","date_gmt":"2012-11-15T10:59:18","guid":{"rendered":"http:\/\/sargantana.info\/web\/?page_id=591"},"modified":"2024-11-26T21:30:49","modified_gmt":"2024-11-26T19:30:49","slug":"actua-contra-el-cambio-climatico","status":"publish","type":"page","link":"https:\/\/sargantana.info\/web\/programas-escolares\/actua-contra-el-cambio-climatico\/","title":{"rendered":"Act\u00faa contra el Cambio Clim\u00e1tico"},"content":{"rendered":"\t\t<div data-elementor-type=\"wp-page\" data-elementor-id=\"591\" class=\"elementor elementor-591\" data-elementor-post-type=\"page\">\n\t\t\t\t<div class=\"elementor-element elementor-element-47ba2a2 e-flex e-con-boxed e-con e-parent\" data-id=\"47ba2a2\" data-element_type=\"container\" data-e-type=\"container\">\n\t\t\t\t\t<div class=\"e-con-inner\">\n\t\t\t\t<div class=\"elementor-element elementor-element-be3d56b elementor-widget elementor-widget-heading\" data-id=\"be3d56b\" data-element_type=\"widget\" data-e-type=\"widget\" data-widget_type=\"heading.default\">\n\t\t\t\t<div class=\"elementor-widget-container\">\n\t\t\t\t\t<h1 class=\"elementor-heading-title elementor-size-default\">Act\u00faa contra el Cambio Clim\u00e1tico<\/h1>\t\t\t\t<\/div>\n\t\t\t\t<\/div>\n\t\t\t\t<div class=\"elementor-element elementor-element-8b8900e elementor-widget-divider--view-line elementor-widget elementor-widget-divider\" data-id=\"8b8900e\" data-element_type=\"widget\" data-e-type=\"widget\" data-widget_type=\"divider.default\">\n\t\t\t\t<div class=\"elementor-widget-container\">\n\t\t\t\t\t\t\t<div class=\"elementor-divider\">\n\t\t\t<span class=\"elementor-divider-separator\">\n\t\t\t\t\t\t<\/span>\n\t\t<\/div>\n\t\t\t\t\t\t<\/div>\n\t\t\t\t<\/div>\n\t\t\t\t\t<\/div>\n\t\t\t\t<\/div>\n\t\t<div class=\"elementor-element elementor-element-4804b32d e-flex e-con-boxed e-con e-parent\" data-id=\"4804b32d\" data-element_type=\"container\" data-e-type=\"container\">\n\t\t\t\t\t<div class=\"e-con-inner\">\n\t\t\t\t<div class=\"elementor-element elementor-element-6b46f25e elementor-widget elementor-widget-text-editor\" data-id=\"6b46f25e\" data-element_type=\"widget\" data-e-type=\"widget\" data-widget_type=\"text-editor.default\">\n\t\t\t\t<div class=\"elementor-widget-container\">\n\t\t\t\t\t\t\t\t\t<p>El espacio en que vivimos es un entorno privilegiado tanto en lo que se refiere a paisaje como a calidad de vida: naturaleza, tranquilidad, paz. Sin embargo todo puede verse amenazado para posteriores generaciones debido al poco respeto que hemos tenido sobre todo durante los \u00faltimos a\u00f1os a la influencia que los actos del ser humano pod\u00edan tener sobre nuestro querido planeta.<br \/><a href=\"https:\/\/sargantana.info\/web\/wp-content\/uploads\/2012\/11\/Clim\u00e1tico2.jpg\"><img fetchpriority=\"high\" decoding=\"async\" class=\"aligncenter wp-image-721 size-full\" title=\"Clim\u00e1tico2\" src=\"https:\/\/sargantana.info\/web\/wp-content\/uploads\/2012\/11\/Clim\u00e1tico2.jpg\" alt=\"\" width=\"448\" height=\"336\" srcset=\"https:\/\/sargantana.info\/web\/wp-content\/uploads\/2012\/11\/Clim\u00e1tico2.jpg 448w, https:\/\/sargantana.info\/web\/wp-content\/uploads\/2012\/11\/Clim\u00e1tico2-300x224.jpg 300w, https:\/\/sargantana.info\/web\/wp-content\/uploads\/2012\/11\/Clim\u00e1tico2-400x300.jpg 400w\" sizes=\"(max-width: 448px) 100vw, 448px\" \/><\/a>Estar en este entorno nos permite enfocar las actitudes y atenciones que debemos al medio natural para evitar en la medida de lo posible que ese negro futuro llegue a materializarse. Desde las peque\u00f1as cosas que cada uno puede atender en su casa hasta aquellas que como colectividad podemos acometer: la escuela, la calle, los ambientes donde habitualmente nos movemos son un marco estupendo para comenzar a hacer las cosas mejor.<br \/><a href=\"https:\/\/sargantana.info\/web\/wp-content\/uploads\/2012\/11\/Clim\u00e1tico1.jpg\"><img decoding=\"async\" class=\"aligncenter wp-image-720 size-full\" title=\"Clim\u00e1tico1\" src=\"https:\/\/sargantana.info\/web\/wp-content\/uploads\/2012\/11\/Clim\u00e1tico1.jpg\" alt=\"\" width=\"448\" height=\"336\" srcset=\"https:\/\/sargantana.info\/web\/wp-content\/uploads\/2012\/11\/Clim\u00e1tico1.jpg 448w, https:\/\/sargantana.info\/web\/wp-content\/uploads\/2012\/11\/Clim\u00e1tico1-300x224.jpg 300w, https:\/\/sargantana.info\/web\/wp-content\/uploads\/2012\/11\/Clim\u00e1tico1-400x300.jpg 400w\" sizes=\"(max-width: 448px) 100vw, 448px\" \/><\/a><\/p><p style=\"text-align: center;\"><span style=\"text-decoration: underline;\"><strong><a href=\"https:\/\/forms.office.com\/e\/YA6Dr0q9hE\">Solic\u00edtanos presupuesto personalizado<\/a><\/strong><\/span><\/p>\t\t\t\t\t\t\t\t<\/div>\n\t\t\t\t<\/div>\n\t\t\t\t\t<\/div>\n\t\t\t\t<\/div>\n\t\t\t\t<\/div>\n\t\t","protected":false},"excerpt":{"rendered":"<p>Act\u00faa contra el Cambio Clim\u00e1tico El espacio en que vivimos es un entorno privilegiado tanto en lo que se refiere a paisaje como a calidad de vida: naturaleza, tranquilidad, paz. Sin embargo todo puede verse amenazado para posteriores generaciones debido al poco respeto que hemos tenido sobre todo durante los \u00faltimos a\u00f1os a la influencia [&hellip;]<\/p>\n","protected":false},"author":1,"featured_media":0,"parent":2171,"menu_order":14,"comment_status":"closed","ping_status":"closed","template":"","meta":{"inline_featured_image":false,"_joinchat":[],"footnotes":""},"class_list":["post-591","page","type-page","status-publish","hentry"],"yoast_head":"<!-- This site is optimized with the Yoast SEO plugin v27.4 - https:\/\/yoast.com\/product\/yoast-seo-wordpress\/ -->\n<title>Act\u00faa contra el Cambio Clim\u00e1tico - Sargantana<\/title>\n<meta name=\"description\" content=\"Conciencia ambiental en el Pirineo Aragon\u00e9s: programas educativos para combatir el cambio clim\u00e1tico desde la naturaleza.\" \/>\n<meta name=\"robots\" content=\"index, follow, max-snippet:-1, max-image-preview:large, max-video-preview:-1\" \/>\n<link rel=\"canonical\" href=\"https:\/\/sargantana.info\/web\/programas-escolares\/actua-contra-el-cambio-climatico\/\" \/>\n<meta property=\"og:locale\" content=\"es_ES\" \/>\n<meta property=\"og:type\" content=\"article\" \/>\n<meta property=\"og:title\" content=\"Act\u00faa contra el Cambio Clim\u00e1tico - Sargantana\" \/>\n<meta property=\"og:description\" content=\"Conciencia ambiental en el Pirineo Aragon\u00e9s: programas educativos para combatir el cambio clim\u00e1tico desde la naturaleza.\" \/>\n<meta property=\"og:url\" content=\"https:\/\/sargantana.info\/web\/programas-escolares\/actua-contra-el-cambio-climatico\/\" \/>\n<meta property=\"og:site_name\" content=\"Sargantana\" \/>\n<meta property=\"article:publisher\" content=\"https:\/\/www.facebook.com\/Sargantana.info\" \/>\n<meta property=\"article:modified_time\" content=\"2024-11-26T19:30:49+00:00\" \/>\n<meta name=\"twitter:card\" content=\"summary_large_image\" \/>\n<meta name=\"twitter:site\" content=\"@Sargantana_\" \/>\n<meta name=\"twitter:label1\" content=\"Tiempo de lectura\" \/>\n\t<meta name=\"twitter:data1\" content=\"2 minutos\" \/>\n<script type=\"application\/ld+json\" class=\"yoast-schema-graph\">{\"@context\":\"https:\\\/\\\/schema.org\",\"@graph\":[{\"@type\":\"WebPage\",\"@id\":\"https:\\\/\\\/sargantana.info\\\/web\\\/programas-escolares\\\/actua-contra-el-cambio-climatico\\\/\",\"url\":\"https:\\\/\\\/sargantana.info\\\/web\\\/programas-escolares\\\/actua-contra-el-cambio-climatico\\\/\",\"name\":\"Act\u00faa contra el Cambio Clim\u00e1tico - Sargantana\",\"isPartOf\":{\"@id\":\"https:\\\/\\\/sargantana.info\\\/web\\\/#website\"},\"datePublished\":\"2012-11-15T10:59:18+00:00\",\"dateModified\":\"2024-11-26T19:30:49+00:00\",\"description\":\"Conciencia ambiental en el Pirineo Aragon\u00e9s: programas educativos para combatir el cambio clim\u00e1tico desde la naturaleza.\",\"breadcrumb\":{\"@id\":\"https:\\\/\\\/sargantana.info\\\/web\\\/programas-escolares\\\/actua-contra-el-cambio-climatico\\\/#breadcrumb\"},\"inLanguage\":\"es\",\"potentialAction\":[{\"@type\":\"ReadAction\",\"target\":[\"https:\\\/\\\/sargantana.info\\\/web\\\/programas-escolares\\\/actua-contra-el-cambio-climatico\\\/\"]}]},{\"@type\":\"BreadcrumbList\",\"@id\":\"https:\\\/\\\/sargantana.info\\\/web\\\/programas-escolares\\\/actua-contra-el-cambio-climatico\\\/#breadcrumb\",\"itemListElement\":[{\"@type\":\"ListItem\",\"position\":1,\"name\":\"Portada\",\"item\":\"https:\\\/\\\/sargantana.info\\\/web\\\/\"},{\"@type\":\"ListItem\",\"position\":2,\"name\":\"Programas escolares\",\"item\":\"https:\\\/\\\/sargantana.info\\\/web\\\/programas-escolares\\\/\"},{\"@type\":\"ListItem\",\"position\":3,\"name\":\"Act\u00faa contra el Cambio Clim\u00e1tico\"}]},{\"@type\":\"WebSite\",\"@id\":\"https:\\\/\\\/sargantana.info\\\/web\\\/#website\",\"url\":\"https:\\\/\\\/sargantana.info\\\/web\\\/\",\"name\":\"Sargantana\",\"description\":\"Educaci\u00f3n ambiental y tiempo libre en el Pirineo Aragon\u00e9s\",\"publisher\":{\"@id\":\"https:\\\/\\\/sargantana.info\\\/web\\\/#organization\"},\"potentialAction\":[{\"@type\":\"SearchAction\",\"target\":{\"@type\":\"EntryPoint\",\"urlTemplate\":\"https:\\\/\\\/sargantana.info\\\/web\\\/?s={search_term_string}\"},\"query-input\":{\"@type\":\"PropertyValueSpecification\",\"valueRequired\":true,\"valueName\":\"search_term_string\"}}],\"inLanguage\":\"es\"},{\"@type\":\"Organization\",\"@id\":\"https:\\\/\\\/sargantana.info\\\/web\\\/#organization\",\"name\":\"Sargantana\",\"url\":\"https:\\\/\\\/sargantana.info\\\/web\\\/\",\"logo\":{\"@type\":\"ImageObject\",\"inLanguage\":\"es\",\"@id\":\"https:\\\/\\\/sargantana.info\\\/web\\\/#\\\/schema\\\/logo\\\/image\\\/\",\"url\":\"https:\\\/\\\/sargantana.info\\\/web\\\/wp-content\\\/uploads\\\/2023\\\/02\\\/Sargantana-transparente-e1676147721574.png\",\"contentUrl\":\"https:\\\/\\\/sargantana.info\\\/web\\\/wp-content\\\/uploads\\\/2023\\\/02\\\/Sargantana-transparente-e1676147721574.png\",\"width\":365,\"height\":211,\"caption\":\"Sargantana\"},\"image\":{\"@id\":\"https:\\\/\\\/sargantana.info\\\/web\\\/#\\\/schema\\\/logo\\\/image\\\/\"},\"sameAs\":[\"https:\\\/\\\/www.facebook.com\\\/Sargantana.info\",\"https:\\\/\\\/x.com\\\/Sargantana_\",\"https:\\\/\\\/www.instagram.com\\\/sargantana_canfranc\\\/\"]}]}<\/script>\n<!-- \/ Yoast SEO plugin. -->","yoast_head_json":{"title":"Act\u00faa contra el Cambio Clim\u00e1tico - Sargantana","description":"Conciencia ambiental en el Pirineo Aragon\u00e9s: programas educativos para combatir el cambio clim\u00e1tico desde la naturaleza.","robots":{"index":"index","follow":"follow","max-snippet":"max-snippet:-1","max-image-preview":"max-image-preview:large","max-video-preview":"max-video-preview:-1"},"canonical":"https:\/\/sargantana.info\/web\/programas-escolares\/actua-contra-el-cambio-climatico\/","og_locale":"es_ES","og_type":"article","og_title":"Act\u00faa contra el Cambio Clim\u00e1tico - Sargantana","og_description":"Conciencia ambiental en el Pirineo Aragon\u00e9s: programas educativos para combatir el cambio clim\u00e1tico desde la naturaleza.","og_url":"https:\/\/sargantana.info\/web\/programas-escolares\/actua-contra-el-cambio-climatico\/","og_site_name":"Sargantana","article_publisher":"https:\/\/www.facebook.com\/Sargantana.info","article_modified_time":"2024-11-26T19:30:49+00:00","twitter_card":"summary_large_image","twitter_site":"@Sargantana_","twitter_misc":{"Tiempo de lectura":"2 minutos"},"schema":{"@context":"https:\/\/schema.org","@graph":[{"@type":"WebPage","@id":"https:\/\/sargantana.info\/web\/programas-escolares\/actua-contra-el-cambio-climatico\/","url":"https:\/\/sargantana.info\/web\/programas-escolares\/actua-contra-el-cambio-climatico\/","name":"Act\u00faa contra el Cambio Clim\u00e1tico - Sargantana","isPartOf":{"@id":"https:\/\/sargantana.info\/web\/#website"},"datePublished":"2012-11-15T10:59:18+00:00","dateModified":"2024-11-26T19:30:49+00:00","description":"Conciencia ambiental en el Pirineo Aragon\u00e9s: programas educativos para combatir el cambio clim\u00e1tico desde la naturaleza.","breadcrumb":{"@id":"https:\/\/sargantana.info\/web\/programas-escolares\/actua-contra-el-cambio-climatico\/#breadcrumb"},"inLanguage":"es","potentialAction":[{"@type":"ReadAction","target":["https:\/\/sargantana.info\/web\/programas-escolares\/actua-contra-el-cambio-climatico\/"]}]},{"@type":"BreadcrumbList","@id":"https:\/\/sargantana.info\/web\/programas-escolares\/actua-contra-el-cambio-climatico\/#breadcrumb","itemListElement":[{"@type":"ListItem","position":1,"name":"Portada","item":"https:\/\/sargantana.info\/web\/"},{"@type":"ListItem","position":2,"name":"Programas escolares","item":"https:\/\/sargantana.info\/web\/programas-escolares\/"},{"@type":"ListItem","position":3,"name":"Act\u00faa contra el Cambio Clim\u00e1tico"}]},{"@type":"WebSite","@id":"https:\/\/sargantana.info\/web\/#website","url":"https:\/\/sargantana.info\/web\/","name":"Sargantana","description":"Educaci\u00f3n ambiental y tiempo libre en el Pirineo Aragon\u00e9s","publisher":{"@id":"https:\/\/sargantana.info\/web\/#organization"},"potentialAction":[{"@type":"SearchAction","target":{"@type":"EntryPoint","urlTemplate":"https:\/\/sargantana.info\/web\/?s={search_term_string}"},"query-input":{"@type":"PropertyValueSpecification","valueRequired":true,"valueName":"search_term_string"}}],"inLanguage":"es"},{"@type":"Organization","@id":"https:\/\/sargantana.info\/web\/#organization","name":"Sargantana","url":"https:\/\/sargantana.info\/web\/","logo":{"@type":"ImageObject","inLanguage":"es","@id":"https:\/\/sargantana.info\/web\/#\/schema\/logo\/image\/","url":"https:\/\/sargantana.info\/web\/wp-content\/uploads\/2023\/02\/Sargantana-transparente-e1676147721574.png","contentUrl":"https:\/\/sargantana.info\/web\/wp-content\/uploads\/2023\/02\/Sargantana-transparente-e1676147721574.png","width":365,"height":211,"caption":"Sargantana"},"image":{"@id":"https:\/\/sargantana.info\/web\/#\/schema\/logo\/image\/"},"sameAs":["https:\/\/www.facebook.com\/Sargantana.info","https:\/\/x.com\/Sargantana_","https:\/\/www.instagram.com\/sargantana_canfranc\/"]}]}},"_links":{"self":[{"href":"https:\/\/sargantana.info\/web\/wp-json\/wp\/v2\/pages\/591","targetHints":{"allow":["GET"]}}],"collection":[{"href":"https:\/\/sargantana.info\/web\/wp-json\/wp\/v2\/pages"}],"about":[{"href":"https:\/\/sargantana.info\/web\/wp-json\/wp\/v2\/types\/page"}],"author":[{"embeddable":true,"href":"https:\/\/sargantana.info\/web\/wp-json\/wp\/v2\/users\/1"}],"replies":[{"embeddable":true,"href":"https:\/\/sargantana.info\/web\/wp-json\/wp\/v2\/comments?post=591"}],"version-history":[{"count":20,"href":"https:\/\/sargantana.info\/web\/wp-json\/wp\/v2\/pages\/591\/revisions"}],"predecessor-version":[{"id":78345,"href":"https:\/\/sargantana.info\/web\/wp-json\/wp\/v2\/pages\/591\/revisions\/78345"}],"up":[{"embeddable":true,"href":"https:\/\/sargantana.info\/web\/wp-json\/wp\/v2\/pages\/2171"}],"wp:attachment":[{"href":"https:\/\/sargantana.info\/web\/wp-json\/wp\/v2\/media?parent=591"}],"curies":[{"name":"wp","href":"https:\/\/api.w.org\/{rel}","templated":true}]}}