{"id":601,"date":"2012-11-15T11:08:39","date_gmt":"2012-11-15T11:08:39","guid":{"rendered":"http:\/\/sargantana.info\/web\/?page_id=601"},"modified":"2024-11-26T21:35:07","modified_gmt":"2024-11-26T19:35:07","slug":"europa-a-la-vuelta-de-la-esquina","status":"publish","type":"page","link":"https:\/\/sargantana.info\/web\/programas-escolares\/europa-a-la-vuelta-de-la-esquina\/","title":{"rendered":"Europa a la vuelta de la esquina"},"content":{"rendered":"\t\t<div data-elementor-type=\"wp-page\" data-elementor-id=\"601\" class=\"elementor elementor-601\" data-elementor-post-type=\"page\">\n\t\t\t\t<div class=\"elementor-element elementor-element-f9b2712 e-flex e-con-boxed e-con e-parent\" data-id=\"f9b2712\" data-element_type=\"container\" data-e-type=\"container\">\n\t\t\t\t\t<div class=\"e-con-inner\">\n\t\t\t\t<div class=\"elementor-element elementor-element-5b0a77b elementor-widget elementor-widget-heading\" data-id=\"5b0a77b\" data-element_type=\"widget\" data-e-type=\"widget\" data-widget_type=\"heading.default\">\n\t\t\t\t<div class=\"elementor-widget-container\">\n\t\t\t\t\t<h1 class=\"elementor-heading-title elementor-size-default\">Europa a la vuelta de la esquina<\/h1>\t\t\t\t<\/div>\n\t\t\t\t<\/div>\n\t\t\t\t<div class=\"elementor-element elementor-element-15195f6 elementor-widget-divider--view-line elementor-widget elementor-widget-divider\" data-id=\"15195f6\" data-element_type=\"widget\" data-e-type=\"widget\" data-widget_type=\"divider.default\">\n\t\t\t\t<div class=\"elementor-widget-container\">\n\t\t\t\t\t\t\t<div class=\"elementor-divider\">\n\t\t\t<span class=\"elementor-divider-separator\">\n\t\t\t\t\t\t<\/span>\n\t\t<\/div>\n\t\t\t\t\t\t<\/div>\n\t\t\t\t<\/div>\n\t\t\t\t\t<\/div>\n\t\t\t\t<\/div>\n\t\t<div class=\"elementor-element elementor-element-1986579e e-flex e-con-boxed e-con e-parent\" data-id=\"1986579e\" data-element_type=\"container\" data-e-type=\"container\">\n\t\t\t\t\t<div class=\"e-con-inner\">\n\t\t\t\t<div class=\"elementor-element elementor-element-7ae1d6bf elementor-widget elementor-widget-text-editor\" data-id=\"7ae1d6bf\" data-element_type=\"widget\" data-e-type=\"widget\" data-widget_type=\"text-editor.default\">\n\t\t\t\t<div class=\"elementor-widget-container\">\n\t\t\t\t\t\t\t\t\t<p>Cada vez es m\u00e1s importante la conciencia que todos vamos teniendo de nuestra pertenencia a Europa. Nuestra moneda, nuestras fronteras e incluso nuestros vecinos nos recuerdan que tenemos que tener en cuenta que no estamos solos ni somos due\u00f1os ya ni siquiera de nuestro futuro, en un mundo cada vez m\u00e1s globalizado.<br \/><a href=\"https:\/\/sargantana.info\/web\/wp-content\/uploads\/2012\/11\/europa2.jpg\"><img fetchpriority=\"high\" decoding=\"async\" class=\"aligncenter wp-image-711 size-full\" title=\"europa2\" src=\"https:\/\/sargantana.info\/web\/wp-content\/uploads\/2012\/11\/europa2.jpg\" alt=\"\" width=\"448\" height=\"336\" srcset=\"https:\/\/sargantana.info\/web\/wp-content\/uploads\/2012\/11\/europa2.jpg 448w, https:\/\/sargantana.info\/web\/wp-content\/uploads\/2012\/11\/europa2-300x224.jpg 300w, https:\/\/sargantana.info\/web\/wp-content\/uploads\/2012\/11\/europa2-400x300.jpg 400w\" sizes=\"(max-width: 448px) 100vw, 448px\" \/><\/a><br \/>En un programa de tres, cuatro o cinco d\u00edas trataremos de comprender y ver c\u00f3mo se est\u00e1n desarrollando los acontecimientos y c\u00f3mo nos influye la existencia y nuestra presencia en Europa. Los \u00f3rganos de gobierno, las formas de comunicaci\u00f3n y las l\u00edneas de actuaci\u00f3n de las iniciativas europeas que tanta importancia han tenido en estos a\u00f1os atr\u00e1s en nuestros territorios.<br \/><a href=\"https:\/\/sargantana.info\/web\/wp-content\/uploads\/2012\/11\/Europa1.jpg\"><img decoding=\"async\" class=\"aligncenter wp-image-710 size-full\" title=\"Europa1\" src=\"https:\/\/sargantana.info\/web\/wp-content\/uploads\/2012\/11\/Europa1.jpg\" alt=\"\" width=\"448\" height=\"336\" srcset=\"https:\/\/sargantana.info\/web\/wp-content\/uploads\/2012\/11\/Europa1.jpg 448w, https:\/\/sargantana.info\/web\/wp-content\/uploads\/2012\/11\/Europa1-300x224.jpg 300w, https:\/\/sargantana.info\/web\/wp-content\/uploads\/2012\/11\/Europa1-400x300.jpg 400w\" sizes=\"(max-width: 448px) 100vw, 448px\" \/><\/a><\/p><p style=\"text-align: center;\"><span style=\"text-decoration: underline;\"><strong><a href=\"https:\/\/forms.office.com\/e\/YA6Dr0q9hE\">Solic\u00edtanos presupuesto personalizado<\/a><\/strong><\/span><\/p>\t\t\t\t\t\t\t\t<\/div>\n\t\t\t\t<\/div>\n\t\t\t\t\t<\/div>\n\t\t\t\t<\/div>\n\t\t\t\t<\/div>\n\t\t","protected":false},"excerpt":{"rendered":"<p>Europa a la vuelta de la esquina Cada vez es m\u00e1s importante la conciencia que todos vamos teniendo de nuestra pertenencia a Europa. Nuestra moneda, nuestras fronteras e incluso nuestros vecinos nos recuerdan que tenemos que tener en cuenta que no estamos solos ni somos due\u00f1os ya ni siquiera de nuestro futuro, en un mundo [&hellip;]<\/p>\n","protected":false},"author":1,"featured_media":0,"parent":2171,"menu_order":13,"comment_status":"closed","ping_status":"closed","template":"","meta":{"inline_featured_image":false,"_joinchat":[],"footnotes":""},"class_list":["post-601","page","type-page","status-publish","hentry"],"yoast_head":"<!-- This site is optimized with the Yoast SEO plugin v27.4 - https:\/\/yoast.com\/product\/yoast-seo-wordpress\/ -->\n<title>Europa a la vuelta de la esquina - Sargantana<\/title>\n<meta name=\"description\" content=\"Comprende la influencia de Europa en el Pirineo Aragon\u00e9s: programas educativos sobre historia y actualidad europea.\" \/>\n<meta name=\"robots\" content=\"index, follow, max-snippet:-1, max-image-preview:large, max-video-preview:-1\" \/>\n<link rel=\"canonical\" href=\"https:\/\/sargantana.info\/web\/programas-escolares\/europa-a-la-vuelta-de-la-esquina\/\" \/>\n<meta property=\"og:locale\" content=\"es_ES\" \/>\n<meta property=\"og:type\" content=\"article\" \/>\n<meta property=\"og:title\" content=\"Europa a la vuelta de la esquina - Sargantana\" \/>\n<meta property=\"og:description\" content=\"Comprende la influencia de Europa en el Pirineo Aragon\u00e9s: programas educativos sobre historia y actualidad europea.\" \/>\n<meta property=\"og:url\" content=\"https:\/\/sargantana.info\/web\/programas-escolares\/europa-a-la-vuelta-de-la-esquina\/\" \/>\n<meta property=\"og:site_name\" content=\"Sargantana\" \/>\n<meta property=\"article:publisher\" content=\"https:\/\/www.facebook.com\/Sargantana.info\" \/>\n<meta property=\"article:modified_time\" content=\"2024-11-26T19:35:07+00:00\" \/>\n<meta property=\"og:image\" content=\"https:\/\/sargantana.info\/web\/wp-content\/uploads\/2012\/11\/europa2.jpg\" \/>\n\t<meta property=\"og:image:width\" content=\"448\" \/>\n\t<meta property=\"og:image:height\" content=\"336\" \/>\n\t<meta property=\"og:image:type\" content=\"image\/jpeg\" \/>\n<meta name=\"twitter:card\" content=\"summary_large_image\" \/>\n<meta name=\"twitter:site\" content=\"@Sargantana_\" \/>\n<meta name=\"twitter:label1\" content=\"Tiempo de lectura\" \/>\n\t<meta name=\"twitter:data1\" content=\"1 minuto\" \/>\n<script type=\"application\/ld+json\" class=\"yoast-schema-graph\">{\"@context\":\"https:\\\/\\\/schema.org\",\"@graph\":[{\"@type\":\"WebPage\",\"@id\":\"https:\\\/\\\/sargantana.info\\\/web\\\/programas-escolares\\\/europa-a-la-vuelta-de-la-esquina\\\/\",\"url\":\"https:\\\/\\\/sargantana.info\\\/web\\\/programas-escolares\\\/europa-a-la-vuelta-de-la-esquina\\\/\",\"name\":\"Europa a la vuelta de la esquina - Sargantana\",\"isPartOf\":{\"@id\":\"https:\\\/\\\/sargantana.info\\\/web\\\/#website\"},\"primaryImageOfPage\":{\"@id\":\"https:\\\/\\\/sargantana.info\\\/web\\\/programas-escolares\\\/europa-a-la-vuelta-de-la-esquina\\\/#primaryimage\"},\"image\":{\"@id\":\"https:\\\/\\\/sargantana.info\\\/web\\\/programas-escolares\\\/europa-a-la-vuelta-de-la-esquina\\\/#primaryimage\"},\"thumbnailUrl\":\"https:\\\/\\\/sargantana.info\\\/web\\\/wp-content\\\/uploads\\\/2012\\\/11\\\/europa2.jpg\",\"datePublished\":\"2012-11-15T11:08:39+00:00\",\"dateModified\":\"2024-11-26T19:35:07+00:00\",\"description\":\"Comprende la influencia de Europa en el Pirineo Aragon\u00e9s: programas educativos sobre historia y actualidad europea.\",\"breadcrumb\":{\"@id\":\"https:\\\/\\\/sargantana.info\\\/web\\\/programas-escolares\\\/europa-a-la-vuelta-de-la-esquina\\\/#breadcrumb\"},\"inLanguage\":\"es\",\"potentialAction\":[{\"@type\":\"ReadAction\",\"target\":[\"https:\\\/\\\/sargantana.info\\\/web\\\/programas-escolares\\\/europa-a-la-vuelta-de-la-esquina\\\/\"]}]},{\"@type\":\"ImageObject\",\"inLanguage\":\"es\",\"@id\":\"https:\\\/\\\/sargantana.info\\\/web\\\/programas-escolares\\\/europa-a-la-vuelta-de-la-esquina\\\/#primaryimage\",\"url\":\"https:\\\/\\\/sargantana.info\\\/web\\\/wp-content\\\/uploads\\\/2012\\\/11\\\/europa2.jpg\",\"contentUrl\":\"https:\\\/\\\/sargantana.info\\\/web\\\/wp-content\\\/uploads\\\/2012\\\/11\\\/europa2.jpg\"},{\"@type\":\"BreadcrumbList\",\"@id\":\"https:\\\/\\\/sargantana.info\\\/web\\\/programas-escolares\\\/europa-a-la-vuelta-de-la-esquina\\\/#breadcrumb\",\"itemListElement\":[{\"@type\":\"ListItem\",\"position\":1,\"name\":\"Portada\",\"item\":\"https:\\\/\\\/sargantana.info\\\/web\\\/\"},{\"@type\":\"ListItem\",\"position\":2,\"name\":\"Programas escolares\",\"item\":\"https:\\\/\\\/sargantana.info\\\/web\\\/programas-escolares\\\/\"},{\"@type\":\"ListItem\",\"position\":3,\"name\":\"Europa a la vuelta de la esquina\"}]},{\"@type\":\"WebSite\",\"@id\":\"https:\\\/\\\/sargantana.info\\\/web\\\/#website\",\"url\":\"https:\\\/\\\/sargantana.info\\\/web\\\/\",\"name\":\"Sargantana\",\"description\":\"Educaci\u00f3n ambiental y tiempo libre en el Pirineo Aragon\u00e9s\",\"publisher\":{\"@id\":\"https:\\\/\\\/sargantana.info\\\/web\\\/#organization\"},\"potentialAction\":[{\"@type\":\"SearchAction\",\"target\":{\"@type\":\"EntryPoint\",\"urlTemplate\":\"https:\\\/\\\/sargantana.info\\\/web\\\/?s={search_term_string}\"},\"query-input\":{\"@type\":\"PropertyValueSpecification\",\"valueRequired\":true,\"valueName\":\"search_term_string\"}}],\"inLanguage\":\"es\"},{\"@type\":\"Organization\",\"@id\":\"https:\\\/\\\/sargantana.info\\\/web\\\/#organization\",\"name\":\"Sargantana\",\"url\":\"https:\\\/\\\/sargantana.info\\\/web\\\/\",\"logo\":{\"@type\":\"ImageObject\",\"inLanguage\":\"es\",\"@id\":\"https:\\\/\\\/sargantana.info\\\/web\\\/#\\\/schema\\\/logo\\\/image\\\/\",\"url\":\"https:\\\/\\\/sargantana.info\\\/web\\\/wp-content\\\/uploads\\\/2023\\\/02\\\/Sargantana-transparente-e1676147721574.png\",\"contentUrl\":\"https:\\\/\\\/sargantana.info\\\/web\\\/wp-content\\\/uploads\\\/2023\\\/02\\\/Sargantana-transparente-e1676147721574.png\",\"width\":365,\"height\":211,\"caption\":\"Sargantana\"},\"image\":{\"@id\":\"https:\\\/\\\/sargantana.info\\\/web\\\/#\\\/schema\\\/logo\\\/image\\\/\"},\"sameAs\":[\"https:\\\/\\\/www.facebook.com\\\/Sargantana.info\",\"https:\\\/\\\/x.com\\\/Sargantana_\",\"https:\\\/\\\/www.instagram.com\\\/sargantana_canfranc\\\/\"]}]}<\/script>\n<!-- \/ Yoast SEO plugin. -->","yoast_head_json":{"title":"Europa a la vuelta de la esquina - Sargantana","description":"Comprende la influencia de Europa en el Pirineo Aragon\u00e9s: programas educativos sobre historia y actualidad europea.","robots":{"index":"index","follow":"follow","max-snippet":"max-snippet:-1","max-image-preview":"max-image-preview:large","max-video-preview":"max-video-preview:-1"},"canonical":"https:\/\/sargantana.info\/web\/programas-escolares\/europa-a-la-vuelta-de-la-esquina\/","og_locale":"es_ES","og_type":"article","og_title":"Europa a la vuelta de la esquina - Sargantana","og_description":"Comprende la influencia de Europa en el Pirineo Aragon\u00e9s: programas educativos sobre historia y actualidad europea.","og_url":"https:\/\/sargantana.info\/web\/programas-escolares\/europa-a-la-vuelta-de-la-esquina\/","og_site_name":"Sargantana","article_publisher":"https:\/\/www.facebook.com\/Sargantana.info","article_modified_time":"2024-11-26T19:35:07+00:00","og_image":[{"width":448,"height":336,"url":"https:\/\/sargantana.info\/web\/wp-content\/uploads\/2012\/11\/europa2.jpg","type":"image\/jpeg"}],"twitter_card":"summary_large_image","twitter_site":"@Sargantana_","twitter_misc":{"Tiempo de lectura":"1 minuto"},"schema":{"@context":"https:\/\/schema.org","@graph":[{"@type":"WebPage","@id":"https:\/\/sargantana.info\/web\/programas-escolares\/europa-a-la-vuelta-de-la-esquina\/","url":"https:\/\/sargantana.info\/web\/programas-escolares\/europa-a-la-vuelta-de-la-esquina\/","name":"Europa a la vuelta de la esquina - Sargantana","isPartOf":{"@id":"https:\/\/sargantana.info\/web\/#website"},"primaryImageOfPage":{"@id":"https:\/\/sargantana.info\/web\/programas-escolares\/europa-a-la-vuelta-de-la-esquina\/#primaryimage"},"image":{"@id":"https:\/\/sargantana.info\/web\/programas-escolares\/europa-a-la-vuelta-de-la-esquina\/#primaryimage"},"thumbnailUrl":"https:\/\/sargantana.info\/web\/wp-content\/uploads\/2012\/11\/europa2.jpg","datePublished":"2012-11-15T11:08:39+00:00","dateModified":"2024-11-26T19:35:07+00:00","description":"Comprende la influencia de Europa en el Pirineo Aragon\u00e9s: programas educativos sobre historia y actualidad europea.","breadcrumb":{"@id":"https:\/\/sargantana.info\/web\/programas-escolares\/europa-a-la-vuelta-de-la-esquina\/#breadcrumb"},"inLanguage":"es","potentialAction":[{"@type":"ReadAction","target":["https:\/\/sargantana.info\/web\/programas-escolares\/europa-a-la-vuelta-de-la-esquina\/"]}]},{"@type":"ImageObject","inLanguage":"es","@id":"https:\/\/sargantana.info\/web\/programas-escolares\/europa-a-la-vuelta-de-la-esquina\/#primaryimage","url":"https:\/\/sargantana.info\/web\/wp-content\/uploads\/2012\/11\/europa2.jpg","contentUrl":"https:\/\/sargantana.info\/web\/wp-content\/uploads\/2012\/11\/europa2.jpg"},{"@type":"BreadcrumbList","@id":"https:\/\/sargantana.info\/web\/programas-escolares\/europa-a-la-vuelta-de-la-esquina\/#breadcrumb","itemListElement":[{"@type":"ListItem","position":1,"name":"Portada","item":"https:\/\/sargantana.info\/web\/"},{"@type":"ListItem","position":2,"name":"Programas escolares","item":"https:\/\/sargantana.info\/web\/programas-escolares\/"},{"@type":"ListItem","position":3,"name":"Europa a la vuelta de la esquina"}]},{"@type":"WebSite","@id":"https:\/\/sargantana.info\/web\/#website","url":"https:\/\/sargantana.info\/web\/","name":"Sargantana","description":"Educaci\u00f3n ambiental y tiempo libre en el Pirineo Aragon\u00e9s","publisher":{"@id":"https:\/\/sargantana.info\/web\/#organization"},"potentialAction":[{"@type":"SearchAction","target":{"@type":"EntryPoint","urlTemplate":"https:\/\/sargantana.info\/web\/?s={search_term_string}"},"query-input":{"@type":"PropertyValueSpecification","valueRequired":true,"valueName":"search_term_string"}}],"inLanguage":"es"},{"@type":"Organization","@id":"https:\/\/sargantana.info\/web\/#organization","name":"Sargantana","url":"https:\/\/sargantana.info\/web\/","logo":{"@type":"ImageObject","inLanguage":"es","@id":"https:\/\/sargantana.info\/web\/#\/schema\/logo\/image\/","url":"https:\/\/sargantana.info\/web\/wp-content\/uploads\/2023\/02\/Sargantana-transparente-e1676147721574.png","contentUrl":"https:\/\/sargantana.info\/web\/wp-content\/uploads\/2023\/02\/Sargantana-transparente-e1676147721574.png","width":365,"height":211,"caption":"Sargantana"},"image":{"@id":"https:\/\/sargantana.info\/web\/#\/schema\/logo\/image\/"},"sameAs":["https:\/\/www.facebook.com\/Sargantana.info","https:\/\/x.com\/Sargantana_","https:\/\/www.instagram.com\/sargantana_canfranc\/"]}]}},"_links":{"self":[{"href":"https:\/\/sargantana.info\/web\/wp-json\/wp\/v2\/pages\/601","targetHints":{"allow":["GET"]}}],"collection":[{"href":"https:\/\/sargantana.info\/web\/wp-json\/wp\/v2\/pages"}],"about":[{"href":"https:\/\/sargantana.info\/web\/wp-json\/wp\/v2\/types\/page"}],"author":[{"embeddable":true,"href":"https:\/\/sargantana.info\/web\/wp-json\/wp\/v2\/users\/1"}],"replies":[{"embeddable":true,"href":"https:\/\/sargantana.info\/web\/wp-json\/wp\/v2\/comments?post=601"}],"version-history":[{"count":18,"href":"https:\/\/sargantana.info\/web\/wp-json\/wp\/v2\/pages\/601\/revisions"}],"predecessor-version":[{"id":78363,"href":"https:\/\/sargantana.info\/web\/wp-json\/wp\/v2\/pages\/601\/revisions\/78363"}],"up":[{"embeddable":true,"href":"https:\/\/sargantana.info\/web\/wp-json\/wp\/v2\/pages\/2171"}],"wp:attachment":[{"href":"https:\/\/sargantana.info\/web\/wp-json\/wp\/v2\/media?parent=601"}],"curies":[{"name":"wp","href":"https:\/\/api.w.org\/{rel}","templated":true}]}}