{"id":76775,"date":"2024-08-12T11:55:35","date_gmt":"2024-08-12T09:55:35","guid":{"rendered":"https:\/\/sargantana.info\/web\/?page_id=76775"},"modified":"2025-12-05T14:14:20","modified_gmt":"2025-12-05T12:14:20","slug":"comedor","status":"publish","type":"page","link":"https:\/\/sargantana.info\/web\/refugio-de-canfranc\/comedor\/","title":{"rendered":"Comedor"},"content":{"rendered":"\t\t<div data-elementor-type=\"wp-page\" data-elementor-id=\"76775\" class=\"elementor elementor-76775\" data-elementor-post-type=\"page\">\n\t\t\t\t<div class=\"elementor-element elementor-element-33294ab e-flex e-con-boxed e-con e-parent\" data-id=\"33294ab\" data-element_type=\"container\" data-e-type=\"container\" data-settings=\"{&quot;background_background&quot;:&quot;classic&quot;}\">\n\t\t\t\t\t<div class=\"e-con-inner\">\n\t\t\t\t<div class=\"elementor-element elementor-element-631854d elementor-widget elementor-widget-heading\" data-id=\"631854d\" data-element_type=\"widget\" data-e-type=\"widget\" data-widget_type=\"heading.default\">\n\t\t\t\t<div class=\"elementor-widget-container\">\n\t\t\t\t\t<h1 class=\"elementor-heading-title elementor-size-default\">Comedor<\/h1>\t\t\t\t<\/div>\n\t\t\t\t<\/div>\n\t\t\t\t\t<\/div>\n\t\t\t\t<\/div>\n\t\t<div class=\"elementor-element elementor-element-803ab7d e-flex e-con-boxed e-con e-parent\" data-id=\"803ab7d\" data-element_type=\"container\" data-e-type=\"container\">\n\t\t\t\t\t<div class=\"e-con-inner\">\n\t\t\t\t<div class=\"elementor-element elementor-element-9134c31 elementor-widget elementor-widget-heading\" data-id=\"9134c31\" data-element_type=\"widget\" data-e-type=\"widget\" data-widget_type=\"heading.default\">\n\t\t\t\t<div class=\"elementor-widget-container\">\n\t\t\t\t\t<h2 class=\"elementor-heading-title elementor-size-default\">Comidas en nuestro comedor<\/h2>\t\t\t\t<\/div>\n\t\t\t\t<\/div>\n\t\t\t\t<div class=\"elementor-element elementor-element-315dc7a elementor-widget-divider--view-line elementor-widget elementor-widget-divider\" data-id=\"315dc7a\" data-element_type=\"widget\" data-e-type=\"widget\" data-widget_type=\"divider.default\">\n\t\t\t\t<div class=\"elementor-widget-container\">\n\t\t\t\t\t\t\t<div class=\"elementor-divider\">\n\t\t\t<span class=\"elementor-divider-separator\">\n\t\t\t\t\t\t<\/span>\n\t\t<\/div>\n\t\t\t\t\t\t<\/div>\n\t\t\t\t<\/div>\n\t\t\t\t<div class=\"elementor-element elementor-element-d648d5f elementor-widget elementor-widget-text-editor\" data-id=\"d648d5f\" data-element_type=\"widget\" data-e-type=\"widget\" data-widget_type=\"text-editor.default\">\n\t\t\t\t<div class=\"elementor-widget-container\">\n\t\t\t\t\t\t\t\t\t<p>Queremos ofrecerte una <strong>experiencia completa<\/strong> durante tu estancia. Por ello puedes incluir en tu reserva tanto comidas como cenas siempre que lo reserves con antelaci\u00f3n en nuestro comedor.<\/p><p>Nuestros <strong>platos caseros<\/strong> se preparan a diario por nuestra cocinera y se degustan en nuestro comedor en un ambiente cercano y familiar. Tenemos en cuenta <strong>alergias e intolerancias<\/strong> siempre que se nos avise previamente. Se puede escoger entre <strong>dos turnos, 13:30 y 14:00 horas<\/strong>, y dos tipos de men\u00fa:<\/p><ul><li><strong>Men\u00fa completo:<\/strong> 16,00 \u20ac (con primer y segundo plato y postre o caf\u00e9, a elegir. Si se toman ambas cosas se abonar\u00e1 aparte).<\/li><li><strong>Medio men\u00fa:<\/strong> 11,50 \u20ac (un plato y postre o caf\u00e9, a elegir. Si se toman ambas cosas se abonar\u00e1 aparte).<\/li><\/ul><p><em><strong>(*)<\/strong> Consultar disponibilidad para grupos no alojados.<\/em><\/p>\t\t\t\t\t\t\t\t<\/div>\n\t\t\t\t<\/div>\n\t\t\t\t\t<\/div>\n\t\t\t\t<\/div>\n\t\t<div class=\"elementor-element elementor-element-3159480 e-flex e-con-boxed e-con e-parent\" data-id=\"3159480\" data-element_type=\"container\" data-e-type=\"container\" id=\"menu-carta\" data-settings=\"{&quot;background_background&quot;:&quot;classic&quot;}\">\n\t\t\t\t\t<div class=\"e-con-inner\">\n\t\t<div class=\"elementor-element elementor-element-45203a1 e-con-full e-flex e-con e-child\" data-id=\"45203a1\" data-element_type=\"container\" data-e-type=\"container\" data-settings=\"{&quot;background_background&quot;:&quot;classic&quot;}\">\n\t\t\t\t<div class=\"elementor-element elementor-element-a11a33b elementor-widget elementor-widget-heading\" data-id=\"a11a33b\" data-element_type=\"widget\" data-e-type=\"widget\" data-widget_type=\"heading.default\">\n\t\t\t\t<div class=\"elementor-widget-container\">\n\t\t\t\t\t<h2 class=\"elementor-heading-title elementor-size-default\">Men\u00fa<\/h2>\t\t\t\t<\/div>\n\t\t\t\t<\/div>\n\t\t\t\t<div class=\"elementor-element elementor-element-8df2364 elementor-widget-divider--view-line elementor-widget elementor-widget-divider\" data-id=\"8df2364\" data-element_type=\"widget\" data-e-type=\"widget\" data-widget_type=\"divider.default\">\n\t\t\t\t<div class=\"elementor-widget-container\">\n\t\t\t\t\t\t\t<div class=\"elementor-divider\">\n\t\t\t<span class=\"elementor-divider-separator\">\n\t\t\t\t\t\t<\/span>\n\t\t<\/div>\n\t\t\t\t\t\t<\/div>\n\t\t\t\t<\/div>\n\t\t\t\t<div class=\"elementor-element elementor-element-a444375 elementor-widget elementor-widget-price-list\" data-id=\"a444375\" data-element_type=\"widget\" data-e-type=\"widget\" data-widget_type=\"price-list.default\">\n\t\t\t\t<div class=\"elementor-widget-container\">\n\t\t\t\t\t\n\t\t<ul class=\"elementor-price-list\">\n\n\t\t\t\t\t\t\t\t\t<li class=\"elementor-price-list-item\">\t\t\t\t\n\t\t\t\t<div class=\"elementor-price-list-text\">\n\t\t\t\t\t\t\t\t\t<div class=\"elementor-price-list-header\">\n\t\t\t\t\t\t\t\t\t\t\t<span class=\"elementor-price-list-title\">\n\t\t\t\t\t\t\tMen\u00fa\t\t\t\t\t\t<\/span>\n\t\t\t\t\t\t\t\t\t\t\t\t\t\t\t\t\t\t<span class=\"elementor-price-list-separator\"><\/span>\n\t\t\t\t\t\t\t\t\t\t\t\t\t\t\t\t\t\t\t<span class=\"elementor-price-list-price\">16,00\u20ac (IVA incl.)<\/span>\n\t\t\t\t\t\t\t\t\t\t<\/div>\n\t\t\t\t\t\t\t\t\t\t\t\t\t\t\t<p class=\"elementor-price-list-description\">\n\t\t\t\t\t\t\tIncluye:<br>\n- Primer Plato<br>\n- Segundo Plato<br>\n- Pan <br>\n- Bebida (Agua, Vino, Gaseosa)<br>\n- Postre o Caf\u00e9\t\t\t\t\t\t<\/p>\n\t\t\t\t\t\t\t\t<\/div>\n\t\t\t\t<\/li>\t\t\t\t\t\t\t\t\t\t\t\t<li class=\"elementor-price-list-item\">\t\t\t\t\n\t\t\t\t<div class=\"elementor-price-list-text\">\n\t\t\t\t\t\t\t\t\t<div class=\"elementor-price-list-header\">\n\t\t\t\t\t\t\t\t\t\t\t<span class=\"elementor-price-list-title\">\n\t\t\t\t\t\t\tMedio men\u00fa\t\t\t\t\t\t<\/span>\n\t\t\t\t\t\t\t\t\t\t\t\t\t\t\t\t\t\t<span class=\"elementor-price-list-separator\"><\/span>\n\t\t\t\t\t\t\t\t\t\t\t\t\t\t\t\t\t\t\t<span class=\"elementor-price-list-price\">11,50\u20ac (IVA incl.)<\/span>\n\t\t\t\t\t\t\t\t\t\t<\/div>\n\t\t\t\t\t\t\t\t\t\t\t\t\t\t\t<p class=\"elementor-price-list-description\">\n\t\t\t\t\t\t\tIncluye:<br>\n- \u00danico Plato<br>\n- Pan <br>\n- Bebida (Agua, Vino, Gaseosa)<br>\n- Postre o Caf\u00e9\t\t\t\t\t\t<\/p>\n\t\t\t\t\t\t\t\t<\/div>\n\t\t\t\t<\/li>\t\t\t\t\t\n\t\t<\/ul>\n\n\t\t\t\t\t\t<\/div>\n\t\t\t\t<\/div>\n\t\t\t\t<div class=\"elementor-element elementor-element-cfa084d elementor-widget-divider--view-line elementor-widget elementor-widget-divider\" data-id=\"cfa084d\" data-element_type=\"widget\" data-e-type=\"widget\" data-widget_type=\"divider.default\">\n\t\t\t\t<div class=\"elementor-widget-container\">\n\t\t\t\t\t\t\t<div class=\"elementor-divider\">\n\t\t\t<span class=\"elementor-divider-separator\">\n\t\t\t\t\t\t<\/span>\n\t\t<\/div>\n\t\t\t\t\t\t<\/div>\n\t\t\t\t<\/div>\n\t\t<div class=\"elementor-element elementor-element-e766ed3 e-grid e-con-full e-con e-child\" data-id=\"e766ed3\" data-element_type=\"container\" data-e-type=\"container\">\n\t\t\t\t<div class=\"elementor-element elementor-element-e02daa5 elementor-widget elementor-widget-text-editor\" data-id=\"e02daa5\" data-element_type=\"widget\" data-e-type=\"widget\" data-widget_type=\"text-editor.default\">\n\t\t\t\t<div class=\"elementor-widget-container\">\n\t\t\t\t\t\t\t\t\t<p><strong>Primeros platos:<\/strong><\/p><ul><li>Caldo Casero<\/li><li>Alubias blancas<\/li><li>Berenjenas rellenas de setas o carne<\/li><li>Spaghetti Carbonara<\/li><li>Pimientos rellenos<\/li><li>Crema de Calabac\u00edn<\/li><li>Espinacas con setas<\/li><\/ul>\t\t\t\t\t\t\t\t<\/div>\n\t\t\t\t<\/div>\n\t\t\t\t<div class=\"elementor-element elementor-element-dd16aee elementor-widget elementor-widget-text-editor\" data-id=\"dd16aee\" data-element_type=\"widget\" data-e-type=\"widget\" data-widget_type=\"text-editor.default\">\n\t\t\t\t<div class=\"elementor-widget-container\">\n\t\t\t\t\t\t\t\t\t<p><strong>Segundos platos:<\/strong><\/p><ul><li>Bacalao al horno<\/li><li>Carrilleras guisadas<\/li><li>Lasagna de carne o de verduras<\/li><li>Alitas adobadas<\/li><li>Croquetas caseras<\/li><li>Ajoarriero<\/li><li>Guiso de ternera<\/li><\/ul>\t\t\t\t\t\t\t\t<\/div>\n\t\t\t\t<\/div>\n\t\t\t\t<div class=\"elementor-element elementor-element-ac3b75f elementor-widget elementor-widget-text-editor\" data-id=\"ac3b75f\" data-element_type=\"widget\" data-e-type=\"widget\" data-widget_type=\"text-editor.default\">\n\t\t\t\t<div class=\"elementor-widget-container\">\n\t\t\t\t\t\t\t\t\t<p><strong>Postres:(todos caseros)<\/strong><\/p><ul><li>Flan<\/li><li>Tarta de queso<\/li><li>Tarta de cuajada<\/li><li>Tarta de chocolate<\/li><li>Fruta de temporada<\/li><li>Crema de yogourt<\/li><\/ul>\t\t\t\t\t\t\t\t<\/div>\n\t\t\t\t<\/div>\n\t\t\t\t<\/div>\n\t\t\t\t<div class=\"elementor-element elementor-element-4dba58a elementor-widget-divider--view-line elementor-widget elementor-widget-divider\" data-id=\"4dba58a\" data-element_type=\"widget\" data-e-type=\"widget\" data-widget_type=\"divider.default\">\n\t\t\t\t<div class=\"elementor-widget-container\">\n\t\t\t\t\t\t\t<div class=\"elementor-divider\">\n\t\t\t<span class=\"elementor-divider-separator\">\n\t\t\t\t\t\t<\/span>\n\t\t<\/div>\n\t\t\t\t\t\t<\/div>\n\t\t\t\t<\/div>\n\t\t\t\t<div class=\"elementor-element elementor-element-133d9d7 elementor-widget elementor-widget-heading\" data-id=\"133d9d7\" data-element_type=\"widget\" data-e-type=\"widget\" data-widget_type=\"heading.default\">\n\t\t\t\t<div class=\"elementor-widget-container\">\n\t\t\t\t\t<h2 class=\"elementor-heading-title elementor-size-default\">Y seg\u00fan el d\u00eda, puedes encontrar tambi\u00e9n:<\/h2>\t\t\t\t<\/div>\n\t\t\t\t<\/div>\n\t\t<div class=\"elementor-element elementor-element-66afb67 e-grid e-con-full e-con e-child\" data-id=\"66afb67\" data-element_type=\"container\" data-e-type=\"container\">\n\t\t\t\t<div class=\"elementor-element elementor-element-8dd7c7a elementor-widget elementor-widget-text-editor\" data-id=\"8dd7c7a\" data-element_type=\"widget\" data-e-type=\"widget\" data-widget_type=\"text-editor.default\">\n\t\t\t\t<div class=\"elementor-widget-container\">\n\t\t\t\t\t\t\t\t\t<p><strong>Primeros platos:<\/strong><\/p><ul><li>Lentejas con sacramentos<\/li><li>Paella con carne o de verduras<\/li><li>Menestra de verduras<\/li><li>Pimientos rellenos de bacalao<\/li><\/ul>\t\t\t\t\t\t\t\t<\/div>\n\t\t\t\t<\/div>\n\t\t\t\t<div class=\"elementor-element elementor-element-fbef582 elementor-widget elementor-widget-text-editor\" data-id=\"fbef582\" data-element_type=\"widget\" data-e-type=\"widget\" data-widget_type=\"text-editor.default\">\n\t\t\t\t<div class=\"elementor-widget-container\">\n\t\t\t\t\t\t\t\t\t<p><strong>Segundos platos:<\/strong><\/p><ul><li>Huevos rotos<\/li><li>Pastel de pescado o de carne<\/li><li>Manitas de cerdo<\/li><li>Pollo asado o Costilla asada<\/li><li>Rabo estofado<\/li><li>Alb\u00f3ndigas caseras de pescado o de carne<\/li><li>Pisto con huevo<\/li><\/ul>\t\t\t\t\t\t\t\t<\/div>\n\t\t\t\t<\/div>\n\t\t\t\t<\/div>\n\t\t\t\t<\/div>\n\t\t\t\t\t<\/div>\n\t\t\t\t<\/div>\n\t\t<div class=\"elementor-element elementor-element-96c7fb1 e-flex e-con-boxed e-con e-parent\" data-id=\"96c7fb1\" data-element_type=\"container\" data-e-type=\"container\">\n\t\t\t\t\t<div class=\"e-con-inner\">\n\t\t\t\t<div class=\"elementor-element elementor-element-2f6afcb elementor-widget elementor-widget-heading\" data-id=\"2f6afcb\" data-element_type=\"widget\" data-e-type=\"widget\" data-widget_type=\"heading.default\">\n\t\t\t\t<div class=\"elementor-widget-container\">\n\t\t\t\t\t<h2 class=\"elementor-heading-title elementor-size-default\">Reserva mesa ahora para comer<\/h2>\t\t\t\t<\/div>\n\t\t\t\t<\/div>\n\t\t\t\t<div class=\"elementor-element elementor-element-b85d81d elementor-align-center e-transform elementor-widget elementor-widget-button\" data-id=\"b85d81d\" data-element_type=\"widget\" data-e-type=\"widget\" data-settings=\"{&quot;_transform_scale_effect_hover&quot;:{&quot;unit&quot;:&quot;px&quot;,&quot;size&quot;:1.1,&quot;sizes&quot;:[]},&quot;_transform_scale_effect_hover_tablet&quot;:{&quot;unit&quot;:&quot;px&quot;,&quot;size&quot;:&quot;&quot;,&quot;sizes&quot;:[]},&quot;_transform_scale_effect_hover_mobile&quot;:{&quot;unit&quot;:&quot;px&quot;,&quot;size&quot;:&quot;&quot;,&quot;sizes&quot;:[]}}\" data-widget_type=\"button.default\">\n\t\t\t\t<div class=\"elementor-widget-container\">\n\t\t\t\t\t\t\t\t\t<div class=\"elementor-button-wrapper\">\n\t\t\t\t\t<a class=\"elementor-button elementor-button-link elementor-size-sm\" href=\"https:\/\/sargantana.info\/web\/comidas-en-albergue-refugio-de-canfranc\/\">\n\t\t\t\t\t\t<span class=\"elementor-button-content-wrapper\">\n\t\t\t\t\t\t\t\t\t<span class=\"elementor-button-text\">RESERVAR<\/span>\n\t\t\t\t\t<\/span>\n\t\t\t\t\t<\/a>\n\t\t\t\t<\/div>\n\t\t\t\t\t\t\t\t<\/div>\n\t\t\t\t<\/div>\n\t\t\t\t\t<\/div>\n\t\t\t\t<\/div>\n\t\t<div class=\"elementor-element elementor-element-7121f69 e-flex e-con-boxed e-con e-parent\" data-id=\"7121f69\" data-element_type=\"container\" data-e-type=\"container\">\n\t\t\t\t\t<div class=\"e-con-inner\">\n\t\t\t\t<div class=\"elementor-element elementor-element-7a959c8 elementor-widget elementor-widget-heading\" data-id=\"7a959c8\" data-element_type=\"widget\" data-e-type=\"widget\" data-widget_type=\"heading.default\">\n\t\t\t\t<div class=\"elementor-widget-container\">\n\t\t\t\t\t<h2 class=\"elementor-heading-title elementor-size-default\">Comedor del Refugio de Canfranc: Disfruta de la Gastronom\u00eda en el Pirineo Aragon\u00e9s<\/h2>\t\t\t\t<\/div>\n\t\t\t\t<\/div>\n\t\t\t\t<div class=\"elementor-element elementor-element-37a2e87 elementor-widget elementor-widget-text-editor\" data-id=\"37a2e87\" data-element_type=\"widget\" data-e-type=\"widget\" data-widget_type=\"text-editor.default\">\n\t\t\t\t<div class=\"elementor-widget-container\">\n\t\t\t\t\t\t\t\t\t<p>El\u00a0<strong>Refugio de Canfranc<\/strong>\u00a0es un lugar ideal para disfrutar de la naturaleza y la tranquilidad del\u00a0<strong>Pirineo Aragon\u00e9s<\/strong>. Uno de los aspectos m\u00e1s destacados de este refugio es su\u00a0<strong>comedor<\/strong>, donde los visitantes pueden degustar una variedad de platos tradicionales y saludables. A continuaci\u00f3n, te ofrecemos toda la informaci\u00f3n necesaria para que puedas planificar tu visita y disfrutar de una experiencia gastron\u00f3mica \u00fanica.<\/p>\t\t\t\t\t\t\t\t<\/div>\n\t\t\t\t<\/div>\n\t\t\t\t<div class=\"elementor-element elementor-element-5e29f02 elementor-widget elementor-widget-heading\" data-id=\"5e29f02\" data-element_type=\"widget\" data-e-type=\"widget\" data-widget_type=\"heading.default\">\n\t\t\t\t<div class=\"elementor-widget-container\">\n\t\t\t\t\t<h2 class=\"elementor-heading-title elementor-size-default\">Men\u00fa y opciones gastron\u00f3micas<\/h2>\t\t\t\t<\/div>\n\t\t\t\t<\/div>\n\t\t\t\t<div class=\"elementor-element elementor-element-5cbc946 elementor-widget elementor-widget-text-editor\" data-id=\"5cbc946\" data-element_type=\"widget\" data-e-type=\"widget\" data-widget_type=\"text-editor.default\">\n\t\t\t\t<div class=\"elementor-widget-container\">\n\t\t\t\t\t\t\t\t\t<p>El\u00a0<strong>comedor del Refugio de Canfranc<\/strong>\u00a0ofrece un men\u00fa variado que incluye platos t\u00edpicos de la regi\u00f3n, elaborados con ingredientes frescos y locales. Entre las opciones m\u00e1s populares se encuentran las\u00a0<strong>sopas caseras<\/strong>, los\u00a0<strong>guisos tradicionales<\/strong>\u00a0y una selecci\u00f3n de\u00a0<strong>postres artesanales<\/strong>. Adem\u00e1s, el comedor cuenta con opciones vegetarianas y men\u00fas especiales para personas con necesidades diet\u00e9ticas espec\u00edficas.<\/p>\t\t\t\t\t\t\t\t<\/div>\n\t\t\t\t<\/div>\n\t\t\t\t<div class=\"elementor-element elementor-element-a0fc694 elementor-widget elementor-widget-heading\" data-id=\"a0fc694\" data-element_type=\"widget\" data-e-type=\"widget\" data-widget_type=\"heading.default\">\n\t\t\t\t<div class=\"elementor-widget-container\">\n\t\t\t\t\t<h2 class=\"elementor-heading-title elementor-size-default\">Ambiente y servicios<\/h2>\t\t\t\t<\/div>\n\t\t\t\t<\/div>\n\t\t\t\t<div class=\"elementor-element elementor-element-7aaf330 elementor-widget elementor-widget-text-editor\" data-id=\"7aaf330\" data-element_type=\"widget\" data-e-type=\"widget\" data-widget_type=\"text-editor.default\">\n\t\t\t\t<div class=\"elementor-widget-container\">\n\t\t\t\t\t\t\t\t\t<p>El\u00a0<strong>ambiente<\/strong>\u00a0del comedor es acogedor y familiar, con una decoraci\u00f3n que refleja la esencia del Pirineo Aragon\u00e9s. Los visitantes pueden disfrutar de sus comidas en un entorno tranquilo y relajado, rodeados de vistas impresionantes de las monta\u00f1as. Adem\u00e1s, el comedor ofrece servicios adicionales como\u00a0<strong>conexi\u00f3n Wi-Fi gratuita<\/strong>\u00a0y\u00a0<strong>zonas de descanso<\/strong>.<\/p>\t\t\t\t\t\t\t\t<\/div>\n\t\t\t\t<\/div>\n\t\t\t\t<div class=\"elementor-element elementor-element-ad31b2e elementor-widget elementor-widget-heading\" data-id=\"ad31b2e\" data-element_type=\"widget\" data-e-type=\"widget\" data-widget_type=\"heading.default\">\n\t\t\t\t<div class=\"elementor-widget-container\">\n\t\t\t\t\t<h2 class=\"elementor-heading-title elementor-size-default\">Actividades complementarias<\/h2>\t\t\t\t<\/div>\n\t\t\t\t<\/div>\n\t\t\t\t<div class=\"elementor-element elementor-element-c371e82 elementor-widget elementor-widget-text-editor\" data-id=\"c371e82\" data-element_type=\"widget\" data-e-type=\"widget\" data-widget_type=\"text-editor.default\">\n\t\t\t\t<div class=\"elementor-widget-container\">\n\t\t\t\t\t\t\t\t\t<p>Adem\u00e1s de disfrutar de la gastronom\u00eda, los visitantes del Refugio de Canfranc pueden participar en una variedad de\u00a0<strong>actividades complementarias<\/strong>. Estas incluyen rutas de senderismo, visitas guiadas a la\u00a0<strong>Estaci\u00f3n Internacional de Canfranc<\/strong>\u00a0y talleres educativos. Estas actividades est\u00e1n dise\u00f1adas para proporcionar una experiencia completa y enriquecedora en el Pirineo Aragon\u00e9s.<\/p>\t\t\t\t\t\t\t\t<\/div>\n\t\t\t\t<\/div>\n\t\t\t\t\t<\/div>\n\t\t\t\t<\/div>\n\t\t\t\t<\/div>\n\t\t","protected":false},"excerpt":{"rendered":"<p>Comedor Comidas en nuestro comedor Queremos ofrecerte una experiencia completa durante tu estancia. Por ello puedes incluir en tu reserva tanto comidas como cenas siempre que lo reserves con antelaci\u00f3n en nuestro comedor. Nuestros platos caseros se preparan a diario por nuestra cocinera y se degustan en nuestro comedor en un ambiente cercano y familiar. [&hellip;]<\/p>\n","protected":false},"author":36,"featured_media":0,"parent":76447,"menu_order":0,"comment_status":"closed","ping_status":"closed","template":"","meta":{"inline_featured_image":false,"_joinchat":[],"footnotes":""},"class_list":["post-76775","page","type-page","status-publish","hentry"],"yoast_head":"<!-- This site is optimized with the Yoast SEO plugin v27.4 - https:\/\/yoast.com\/product\/yoast-seo-wordpress\/ -->\n<title>Comedor del Albergue Refugio de Canfranc - Sargantana<\/title>\n<meta name=\"description\" content=\"Disfruta de comidas deliciosas en el comedor del Refugio de Canfranc: un espacio acogedor en el coraz\u00f3n del Pirineo Aragon\u00e9s.\" \/>\n<meta name=\"robots\" content=\"index, follow, max-snippet:-1, max-image-preview:large, max-video-preview:-1\" \/>\n<link rel=\"canonical\" href=\"https:\/\/sargantana.info\/web\/refugio-de-canfranc\/comedor\/\" \/>\n<meta property=\"og:locale\" content=\"es_ES\" \/>\n<meta property=\"og:type\" content=\"article\" \/>\n<meta property=\"og:title\" content=\"Comedor del Albergue Refugio de Canfranc - Sargantana\" \/>\n<meta property=\"og:description\" content=\"Disfruta de comidas deliciosas en el comedor del Refugio de Canfranc: un espacio acogedor en el coraz\u00f3n del Pirineo Aragon\u00e9s.\" \/>\n<meta property=\"og:url\" content=\"https:\/\/sargantana.info\/web\/refugio-de-canfranc\/comedor\/\" \/>\n<meta property=\"og:site_name\" content=\"Sargantana\" \/>\n<meta property=\"article:publisher\" content=\"https:\/\/www.facebook.com\/Sargantana.info\" \/>\n<meta property=\"article:modified_time\" content=\"2025-12-05T12:14:20+00:00\" \/>\n<meta name=\"twitter:card\" content=\"summary_large_image\" \/>\n<meta name=\"twitter:site\" content=\"@Sargantana_\" \/>\n<meta name=\"twitter:label1\" content=\"Tiempo de lectura\" \/>\n\t<meta name=\"twitter:data1\" content=\"3 minutos\" \/>\n<script type=\"application\/ld+json\" class=\"yoast-schema-graph\">{\"@context\":\"https:\\\/\\\/schema.org\",\"@graph\":[{\"@type\":\"WebPage\",\"@id\":\"https:\\\/\\\/sargantana.info\\\/web\\\/refugio-de-canfranc\\\/comedor\\\/\",\"url\":\"https:\\\/\\\/sargantana.info\\\/web\\\/refugio-de-canfranc\\\/comedor\\\/\",\"name\":\"Comedor del Albergue Refugio de Canfranc - Sargantana\",\"isPartOf\":{\"@id\":\"https:\\\/\\\/sargantana.info\\\/web\\\/#website\"},\"datePublished\":\"2024-08-12T09:55:35+00:00\",\"dateModified\":\"2025-12-05T12:14:20+00:00\",\"description\":\"Disfruta de comidas deliciosas en el comedor del Refugio de Canfranc: un espacio acogedor en el coraz\u00f3n del Pirineo Aragon\u00e9s.\",\"breadcrumb\":{\"@id\":\"https:\\\/\\\/sargantana.info\\\/web\\\/refugio-de-canfranc\\\/comedor\\\/#breadcrumb\"},\"inLanguage\":\"es\",\"potentialAction\":[{\"@type\":\"ReadAction\",\"target\":[\"https:\\\/\\\/sargantana.info\\\/web\\\/refugio-de-canfranc\\\/comedor\\\/\"]}]},{\"@type\":\"BreadcrumbList\",\"@id\":\"https:\\\/\\\/sargantana.info\\\/web\\\/refugio-de-canfranc\\\/comedor\\\/#breadcrumb\",\"itemListElement\":[{\"@type\":\"ListItem\",\"position\":1,\"name\":\"Portada\",\"item\":\"https:\\\/\\\/sargantana.info\\\/web\\\/\"},{\"@type\":\"ListItem\",\"position\":2,\"name\":\"Refugio de Canfranc\",\"item\":\"https:\\\/\\\/sargantana.info\\\/web\\\/refugio-de-canfranc\\\/\"},{\"@type\":\"ListItem\",\"position\":3,\"name\":\"Comedor\"}]},{\"@type\":\"WebSite\",\"@id\":\"https:\\\/\\\/sargantana.info\\\/web\\\/#website\",\"url\":\"https:\\\/\\\/sargantana.info\\\/web\\\/\",\"name\":\"Sargantana\",\"description\":\"Educaci\u00f3n ambiental y tiempo libre en el Pirineo Aragon\u00e9s\",\"publisher\":{\"@id\":\"https:\\\/\\\/sargantana.info\\\/web\\\/#organization\"},\"potentialAction\":[{\"@type\":\"SearchAction\",\"target\":{\"@type\":\"EntryPoint\",\"urlTemplate\":\"https:\\\/\\\/sargantana.info\\\/web\\\/?s={search_term_string}\"},\"query-input\":{\"@type\":\"PropertyValueSpecification\",\"valueRequired\":true,\"valueName\":\"search_term_string\"}}],\"inLanguage\":\"es\"},{\"@type\":\"Organization\",\"@id\":\"https:\\\/\\\/sargantana.info\\\/web\\\/#organization\",\"name\":\"Sargantana\",\"url\":\"https:\\\/\\\/sargantana.info\\\/web\\\/\",\"logo\":{\"@type\":\"ImageObject\",\"inLanguage\":\"es\",\"@id\":\"https:\\\/\\\/sargantana.info\\\/web\\\/#\\\/schema\\\/logo\\\/image\\\/\",\"url\":\"https:\\\/\\\/sargantana.info\\\/web\\\/wp-content\\\/uploads\\\/2023\\\/02\\\/Sargantana-transparente-e1676147721574.png\",\"contentUrl\":\"https:\\\/\\\/sargantana.info\\\/web\\\/wp-content\\\/uploads\\\/2023\\\/02\\\/Sargantana-transparente-e1676147721574.png\",\"width\":365,\"height\":211,\"caption\":\"Sargantana\"},\"image\":{\"@id\":\"https:\\\/\\\/sargantana.info\\\/web\\\/#\\\/schema\\\/logo\\\/image\\\/\"},\"sameAs\":[\"https:\\\/\\\/www.facebook.com\\\/Sargantana.info\",\"https:\\\/\\\/x.com\\\/Sargantana_\",\"https:\\\/\\\/www.instagram.com\\\/sargantana_canfranc\\\/\"]}]}<\/script>\n<!-- \/ Yoast SEO plugin. -->","yoast_head_json":{"title":"Comedor del Albergue Refugio de Canfranc - Sargantana","description":"Disfruta de comidas deliciosas en el comedor del Refugio de Canfranc: un espacio acogedor en el coraz\u00f3n del Pirineo Aragon\u00e9s.","robots":{"index":"index","follow":"follow","max-snippet":"max-snippet:-1","max-image-preview":"max-image-preview:large","max-video-preview":"max-video-preview:-1"},"canonical":"https:\/\/sargantana.info\/web\/refugio-de-canfranc\/comedor\/","og_locale":"es_ES","og_type":"article","og_title":"Comedor del Albergue Refugio de Canfranc - Sargantana","og_description":"Disfruta de comidas deliciosas en el comedor del Refugio de Canfranc: un espacio acogedor en el coraz\u00f3n del Pirineo Aragon\u00e9s.","og_url":"https:\/\/sargantana.info\/web\/refugio-de-canfranc\/comedor\/","og_site_name":"Sargantana","article_publisher":"https:\/\/www.facebook.com\/Sargantana.info","article_modified_time":"2025-12-05T12:14:20+00:00","twitter_card":"summary_large_image","twitter_site":"@Sargantana_","twitter_misc":{"Tiempo de lectura":"3 minutos"},"schema":{"@context":"https:\/\/schema.org","@graph":[{"@type":"WebPage","@id":"https:\/\/sargantana.info\/web\/refugio-de-canfranc\/comedor\/","url":"https:\/\/sargantana.info\/web\/refugio-de-canfranc\/comedor\/","name":"Comedor del Albergue Refugio de Canfranc - Sargantana","isPartOf":{"@id":"https:\/\/sargantana.info\/web\/#website"},"datePublished":"2024-08-12T09:55:35+00:00","dateModified":"2025-12-05T12:14:20+00:00","description":"Disfruta de comidas deliciosas en el comedor del Refugio de Canfranc: un espacio acogedor en el coraz\u00f3n del Pirineo Aragon\u00e9s.","breadcrumb":{"@id":"https:\/\/sargantana.info\/web\/refugio-de-canfranc\/comedor\/#breadcrumb"},"inLanguage":"es","potentialAction":[{"@type":"ReadAction","target":["https:\/\/sargantana.info\/web\/refugio-de-canfranc\/comedor\/"]}]},{"@type":"BreadcrumbList","@id":"https:\/\/sargantana.info\/web\/refugio-de-canfranc\/comedor\/#breadcrumb","itemListElement":[{"@type":"ListItem","position":1,"name":"Portada","item":"https:\/\/sargantana.info\/web\/"},{"@type":"ListItem","position":2,"name":"Refugio de Canfranc","item":"https:\/\/sargantana.info\/web\/refugio-de-canfranc\/"},{"@type":"ListItem","position":3,"name":"Comedor"}]},{"@type":"WebSite","@id":"https:\/\/sargantana.info\/web\/#website","url":"https:\/\/sargantana.info\/web\/","name":"Sargantana","description":"Educaci\u00f3n ambiental y tiempo libre en el Pirineo Aragon\u00e9s","publisher":{"@id":"https:\/\/sargantana.info\/web\/#organization"},"potentialAction":[{"@type":"SearchAction","target":{"@type":"EntryPoint","urlTemplate":"https:\/\/sargantana.info\/web\/?s={search_term_string}"},"query-input":{"@type":"PropertyValueSpecification","valueRequired":true,"valueName":"search_term_string"}}],"inLanguage":"es"},{"@type":"Organization","@id":"https:\/\/sargantana.info\/web\/#organization","name":"Sargantana","url":"https:\/\/sargantana.info\/web\/","logo":{"@type":"ImageObject","inLanguage":"es","@id":"https:\/\/sargantana.info\/web\/#\/schema\/logo\/image\/","url":"https:\/\/sargantana.info\/web\/wp-content\/uploads\/2023\/02\/Sargantana-transparente-e1676147721574.png","contentUrl":"https:\/\/sargantana.info\/web\/wp-content\/uploads\/2023\/02\/Sargantana-transparente-e1676147721574.png","width":365,"height":211,"caption":"Sargantana"},"image":{"@id":"https:\/\/sargantana.info\/web\/#\/schema\/logo\/image\/"},"sameAs":["https:\/\/www.facebook.com\/Sargantana.info","https:\/\/x.com\/Sargantana_","https:\/\/www.instagram.com\/sargantana_canfranc\/"]}]}},"_links":{"self":[{"href":"https:\/\/sargantana.info\/web\/wp-json\/wp\/v2\/pages\/76775","targetHints":{"allow":["GET"]}}],"collection":[{"href":"https:\/\/sargantana.info\/web\/wp-json\/wp\/v2\/pages"}],"about":[{"href":"https:\/\/sargantana.info\/web\/wp-json\/wp\/v2\/types\/page"}],"author":[{"embeddable":true,"href":"https:\/\/sargantana.info\/web\/wp-json\/wp\/v2\/users\/36"}],"replies":[{"embeddable":true,"href":"https:\/\/sargantana.info\/web\/wp-json\/wp\/v2\/comments?post=76775"}],"version-history":[{"count":83,"href":"https:\/\/sargantana.info\/web\/wp-json\/wp\/v2\/pages\/76775\/revisions"}],"predecessor-version":[{"id":79162,"href":"https:\/\/sargantana.info\/web\/wp-json\/wp\/v2\/pages\/76775\/revisions\/79162"}],"up":[{"embeddable":true,"href":"https:\/\/sargantana.info\/web\/wp-json\/wp\/v2\/pages\/76447"}],"wp:attachment":[{"href":"https:\/\/sargantana.info\/web\/wp-json\/wp\/v2\/media?parent=76775"}],"curies":[{"name":"wp","href":"https:\/\/api.w.org\/{rel}","templated":true}]}}