{"id":77498,"date":"2024-08-26T11:20:10","date_gmt":"2024-08-26T09:20:10","guid":{"rendered":"https:\/\/sargantana.info\/web\/?page_id=77498"},"modified":"2026-04-06T00:06:08","modified_gmt":"2026-04-05T22:06:08","slug":"campana-de-invierno","status":"publish","type":"page","link":"https:\/\/sargantana.info\/web\/campana-de-invierno\/","title":{"rendered":"Campa\u00f1a de Invierno"},"content":{"rendered":"\t\t<div data-elementor-type=\"wp-page\" data-elementor-id=\"77498\" class=\"elementor elementor-77498\" data-elementor-post-type=\"page\">\n\t\t\t\t<div class=\"elementor-element elementor-element-8da0008 e-flex e-con-boxed e-con e-parent\" data-id=\"8da0008\" data-element_type=\"container\" data-e-type=\"container\" data-settings=\"{&quot;background_background&quot;:&quot;classic&quot;}\">\n\t\t\t\t\t<div class=\"e-con-inner\">\n\t\t\t\t<div class=\"elementor-element elementor-element-3c25f32 elementor-widget elementor-widget-heading\" data-id=\"3c25f32\" data-element_type=\"widget\" data-e-type=\"widget\" data-widget_type=\"heading.default\">\n\t\t\t\t<div class=\"elementor-widget-container\">\n\t\t\t\t\t<h1 class=\"elementor-heading-title elementor-size-default\">Campa\u00f1a de Invierno<\/h1>\t\t\t\t<\/div>\n\t\t\t\t<\/div>\n\t\t\t\t\t<\/div>\n\t\t\t\t<\/div>\n\t\t<div class=\"elementor-element elementor-element-bf54d92 e-con-full elementor-hidden-desktop elementor-hidden-tablet elementor-hidden-mobile e-flex e-con e-parent\" data-id=\"bf54d92\" data-element_type=\"container\" data-e-type=\"container\" data-settings=\"{&quot;background_background&quot;:&quot;classic&quot;}\">\n\t\t<div class=\"elementor-element elementor-element-5a32c68 e-con-full e-flex e-con e-child\" data-id=\"5a32c68\" data-element_type=\"container\" data-e-type=\"container\">\n\t\t\t\t<div class=\"elementor-element elementor-element-ad9caff elementor-widget elementor-widget-heading\" data-id=\"ad9caff\" data-element_type=\"widget\" data-e-type=\"widget\" data-widget_type=\"heading.default\">\n\t\t\t\t<div class=\"elementor-widget-container\">\n\t\t\t\t\t<h2 class=\"elementor-heading-title elementor-size-default\">Esqu\u00ed Adultos Semanas Especiales<\/h2>\t\t\t\t<\/div>\n\t\t\t\t<\/div>\n\t\t<div class=\"elementor-element elementor-element-c76d54f e-con-full e-flex e-con e-child\" data-id=\"c76d54f\" data-element_type=\"container\" data-e-type=\"container\">\n\t\t<div class=\"elementor-element elementor-element-0bcedcc e-con-full elementor-hidden-desktop elementor-hidden-tablet elementor-hidden-mobile e-flex e-con e-child\" data-id=\"0bcedcc\" data-element_type=\"container\" data-e-type=\"container\">\n\t\t\t\t<div class=\"elementor-element elementor-element-3c75baa elementor-widget elementor-widget-image\" data-id=\"3c75baa\" data-element_type=\"widget\" data-e-type=\"widget\" data-widget_type=\"image.default\">\n\t\t\t\t<div class=\"elementor-widget-container\">\n\t\t\t\t\t\t\t\t\t\t\t\t\t\t\t\t<a href=\"https:\/\/saretl-my.sharepoint.com\/:b:\/g\/personal\/albergue_sargantana_com\/EYx9NESosBtLgztMVRSdi3AB74QU4_1hjI-tNwbmL6URWQ?e=OELzSa\">\n\t\t\t\t\t\t\t<img fetchpriority=\"high\" decoding=\"async\" width=\"1655\" height=\"2340\" src=\"https:\/\/sargantana.info\/web\/wp-content\/uploads\/2025\/08\/Oferta-de-esqui-Navidad_25.jpg\" class=\"attachment-full size-full wp-image-78892\" alt=\"\" srcset=\"https:\/\/sargantana.info\/web\/wp-content\/uploads\/2025\/08\/Oferta-de-esqui-Navidad_25.jpg 1655w, https:\/\/sargantana.info\/web\/wp-content\/uploads\/2025\/08\/Oferta-de-esqui-Navidad_25-212x300.jpg 212w, https:\/\/sargantana.info\/web\/wp-content\/uploads\/2025\/08\/Oferta-de-esqui-Navidad_25-724x1024.jpg 724w, https:\/\/sargantana.info\/web\/wp-content\/uploads\/2025\/08\/Oferta-de-esqui-Navidad_25-768x1086.jpg 768w, https:\/\/sargantana.info\/web\/wp-content\/uploads\/2025\/08\/Oferta-de-esqui-Navidad_25-1086x1536.jpg 1086w, https:\/\/sargantana.info\/web\/wp-content\/uploads\/2025\/08\/Oferta-de-esqui-Navidad_25-1448x2048.jpg 1448w\" sizes=\"(max-width: 1655px) 100vw, 1655px\" \/>\t\t\t\t\t\t\t\t<\/a>\n\t\t\t\t\t\t\t\t\t\t\t\t\t\t\t<\/div>\n\t\t\t\t<\/div>\n\t\t\t\t<div class=\"elementor-element elementor-element-c5f64de elementor-align-center elementor-widget elementor-widget-button\" data-id=\"c5f64de\" data-element_type=\"widget\" data-e-type=\"widget\" data-widget_type=\"button.default\">\n\t\t\t\t<div class=\"elementor-widget-container\">\n\t\t\t\t\t\t\t\t\t<div class=\"elementor-button-wrapper\">\n\t\t\t\t\t<a class=\"elementor-button elementor-button-link elementor-size-sm\" href=\"https:\/\/saretl-my.sharepoint.com\/:b:\/g\/personal\/albergue_sargantana_com\/EYx9NESosBtLgztMVRSdi3AB74QU4_1hjI-tNwbmL6URWQ?e=OELzSa\" target=\"_blank\">\n\t\t\t\t\t\t<span class=\"elementor-button-content-wrapper\">\n\t\t\t\t\t\t\t\t\t<span class=\"elementor-button-text\">Semana Navidad<\/span>\n\t\t\t\t\t<\/span>\n\t\t\t\t\t<\/a>\n\t\t\t\t<\/div>\n\t\t\t\t\t\t\t\t<\/div>\n\t\t\t\t<\/div>\n\t\t\t\t<\/div>\n\t\t<div class=\"elementor-element elementor-element-0978e2d e-con-full elementor-hidden-desktop elementor-hidden-tablet elementor-hidden-mobile e-flex e-con e-child\" data-id=\"0978e2d\" data-element_type=\"container\" data-e-type=\"container\">\n\t\t\t\t<div class=\"elementor-element elementor-element-4b65e43 elementor-widget elementor-widget-image\" data-id=\"4b65e43\" data-element_type=\"widget\" data-e-type=\"widget\" data-widget_type=\"image.default\">\n\t\t\t\t<div class=\"elementor-widget-container\">\n\t\t\t\t\t\t\t\t\t\t\t\t\t\t\t\t<a href=\"https:\/\/saretl-my.sharepoint.com\/:b:\/g\/personal\/albergue_sargantana_com\/EXyL36WosF1PiiP8tCU1WSgBw4BIFMyrIQJ5cYCIzU2WeA?e=OqFyRH\">\n\t\t\t\t\t\t\t<img decoding=\"async\" width=\"1655\" height=\"2340\" src=\"https:\/\/sargantana.info\/web\/wp-content\/uploads\/2025\/08\/Oferta-de-esqui-Ano-Nuevo_26.jpg\" class=\"attachment-full size-full wp-image-78891\" alt=\"\" srcset=\"https:\/\/sargantana.info\/web\/wp-content\/uploads\/2025\/08\/Oferta-de-esqui-Ano-Nuevo_26.jpg 1655w, https:\/\/sargantana.info\/web\/wp-content\/uploads\/2025\/08\/Oferta-de-esqui-Ano-Nuevo_26-212x300.jpg 212w, https:\/\/sargantana.info\/web\/wp-content\/uploads\/2025\/08\/Oferta-de-esqui-Ano-Nuevo_26-724x1024.jpg 724w, https:\/\/sargantana.info\/web\/wp-content\/uploads\/2025\/08\/Oferta-de-esqui-Ano-Nuevo_26-768x1086.jpg 768w, https:\/\/sargantana.info\/web\/wp-content\/uploads\/2025\/08\/Oferta-de-esqui-Ano-Nuevo_26-1086x1536.jpg 1086w, https:\/\/sargantana.info\/web\/wp-content\/uploads\/2025\/08\/Oferta-de-esqui-Ano-Nuevo_26-1448x2048.jpg 1448w\" sizes=\"(max-width: 1655px) 100vw, 1655px\" \/>\t\t\t\t\t\t\t\t<\/a>\n\t\t\t\t\t\t\t\t\t\t\t\t\t\t\t<\/div>\n\t\t\t\t<\/div>\n\t\t\t\t<div class=\"elementor-element elementor-element-324f636 elementor-align-center elementor-widget elementor-widget-button\" data-id=\"324f636\" data-element_type=\"widget\" data-e-type=\"widget\" data-widget_type=\"button.default\">\n\t\t\t\t<div class=\"elementor-widget-container\">\n\t\t\t\t\t\t\t\t\t<div class=\"elementor-button-wrapper\">\n\t\t\t\t\t<a class=\"elementor-button elementor-button-link elementor-size-sm\" href=\"https:\/\/saretl-my.sharepoint.com\/:b:\/g\/personal\/albergue_sargantana_com\/EXyL36WosF1PiiP8tCU1WSgBw4BIFMyrIQJ5cYCIzU2WeA?e=OqFyRH\" target=\"_blank\">\n\t\t\t\t\t\t<span class=\"elementor-button-content-wrapper\">\n\t\t\t\t\t\t\t\t\t<span class=\"elementor-button-text\">A\u00f1o Nuevo<\/span>\n\t\t\t\t\t<\/span>\n\t\t\t\t\t<\/a>\n\t\t\t\t<\/div>\n\t\t\t\t\t\t\t\t<\/div>\n\t\t\t\t<\/div>\n\t\t\t\t<div class=\"elementor-element elementor-element-8e740ec elementor-align-center elementor-widget__width-initial elementor-widget elementor-widget-button\" data-id=\"8e740ec\" data-element_type=\"widget\" data-e-type=\"widget\" data-widget_type=\"button.default\">\n\t\t\t\t<div class=\"elementor-widget-container\">\n\t\t\t\t\t\t\t\t\t<div class=\"elementor-button-wrapper\">\n\t\t\t\t\t<a class=\"elementor-button elementor-size-sm\" role=\"button\">\n\t\t\t\t\t\t<span class=\"elementor-button-content-wrapper\">\n\t\t\t\t\t\t\t\t\t<span class=\"elementor-button-text\">COMPLETO. Lista de espera<\/span>\n\t\t\t\t\t<\/span>\n\t\t\t\t\t<\/a>\n\t\t\t\t<\/div>\n\t\t\t\t\t\t\t\t<\/div>\n\t\t\t\t<\/div>\n\t\t\t\t<\/div>\n\t\t\t\t<\/div>\n\t\t<div class=\"elementor-element elementor-element-706f866 e-con-full e-flex e-con e-child\" data-id=\"706f866\" data-element_type=\"container\" data-e-type=\"container\">\n\t\t<div class=\"elementor-element elementor-element-688b16c e-con-full e-flex e-con e-child\" data-id=\"688b16c\" data-element_type=\"container\" data-e-type=\"container\">\n\t\t\t\t<div class=\"elementor-element elementor-element-653d3f0 elementor-hidden-desktop elementor-hidden-tablet elementor-widget elementor-widget-image\" data-id=\"653d3f0\" data-element_type=\"widget\" data-e-type=\"widget\" data-widget_type=\"image.default\">\n\t\t\t\t<div class=\"elementor-widget-container\">\n\t\t\t\t\t\t\t\t\t\t\t\t\t\t\t\t<a href=\"https:\/\/saretl-my.sharepoint.com\/:b:\/g\/personal\/albergue_sargantana_com\/IQBkChNsFDcCTLMry_sQXlJHAVB2biCNzJNxmYR9x8oXMAA?e=RlZmMW\">\n\t\t\t\t\t\t\t<img decoding=\"async\" width=\"1655\" height=\"2340\" src=\"https:\/\/sargantana.info\/web\/wp-content\/uploads\/2026\/02\/Oferta-de-esqui-Semana-Santa26.jpg\" class=\"attachment-full size-full wp-image-79283\" alt=\"\" srcset=\"https:\/\/sargantana.info\/web\/wp-content\/uploads\/2026\/02\/Oferta-de-esqui-Semana-Santa26.jpg 1655w, https:\/\/sargantana.info\/web\/wp-content\/uploads\/2026\/02\/Oferta-de-esqui-Semana-Santa26-212x300.jpg 212w, https:\/\/sargantana.info\/web\/wp-content\/uploads\/2026\/02\/Oferta-de-esqui-Semana-Santa26-724x1024.jpg 724w, https:\/\/sargantana.info\/web\/wp-content\/uploads\/2026\/02\/Oferta-de-esqui-Semana-Santa26-768x1086.jpg 768w, https:\/\/sargantana.info\/web\/wp-content\/uploads\/2026\/02\/Oferta-de-esqui-Semana-Santa26-1086x1536.jpg 1086w, https:\/\/sargantana.info\/web\/wp-content\/uploads\/2026\/02\/Oferta-de-esqui-Semana-Santa26-1448x2048.jpg 1448w\" sizes=\"(max-width: 1655px) 100vw, 1655px\" \/>\t\t\t\t\t\t\t\t<\/a>\n\t\t\t\t\t\t\t\t\t\t\t\t\t\t\t<\/div>\n\t\t\t\t<\/div>\n\t\t\t\t<div class=\"elementor-element elementor-element-523db4c elementor-align-center elementor-widget elementor-widget-button\" data-id=\"523db4c\" data-element_type=\"widget\" data-e-type=\"widget\" data-widget_type=\"button.default\">\n\t\t\t\t<div class=\"elementor-widget-container\">\n\t\t\t\t\t\t\t\t\t<div class=\"elementor-button-wrapper\">\n\t\t\t\t\t<a class=\"elementor-button elementor-button-link elementor-size-sm\" href=\"https:\/\/saretl-my.sharepoint.com\/:b:\/g\/personal\/albergue_sargantana_com\/EYx9NESosBtLgztMVRSdi3AB74QU4_1hjI-tNwbmL6URWQ?e=OELzSa\" target=\"_blank\">\n\t\t\t\t\t\t<span class=\"elementor-button-content-wrapper\">\n\t\t\t\t\t\t\t\t\t<span class=\"elementor-button-text\">Semana Santa 2026<\/span>\n\t\t\t\t\t<\/span>\n\t\t\t\t\t<\/a>\n\t\t\t\t<\/div>\n\t\t\t\t\t\t\t\t<\/div>\n\t\t\t\t<\/div>\n\t\t\t\t<\/div>\n\t\t\t\t<\/div>\n\t\t\t\t<\/div>\n\t\t<div class=\"elementor-element elementor-element-58ffbd2 e-con-full elementor-hidden-desktop elementor-hidden-tablet elementor-hidden-mobile e-flex e-con e-child\" data-id=\"58ffbd2\" data-element_type=\"container\" data-e-type=\"container\" data-settings=\"{&quot;sticky&quot;:&quot;top&quot;,&quot;sticky_on&quot;:[&quot;desktop&quot;],&quot;sticky_parent&quot;:&quot;yes&quot;,&quot;sticky_offset&quot;:0,&quot;sticky_effects_offset&quot;:0,&quot;sticky_anchor_link_offset&quot;:0}\">\n\t\t<div class=\"elementor-element elementor-element-47cd6f5 e-con-full e-flex e-con e-child\" data-id=\"47cd6f5\" data-element_type=\"container\" data-e-type=\"container\" data-settings=\"{&quot;background_background&quot;:&quot;classic&quot;}\">\n\t\t\t\t<div class=\"elementor-element elementor-element-1286c61 elementor-widget elementor-widget-heading\" data-id=\"1286c61\" data-element_type=\"widget\" data-e-type=\"widget\" data-widget_type=\"heading.default\">\n\t\t\t\t<div class=\"elementor-widget-container\">\n\t\t\t\t\t<h2 class=\"elementor-heading-title elementor-size-default\">Formulario de inscripci\u00f3n a nuestras campa\u00f1as de invierno<\/h2>\t\t\t\t<\/div>\n\t\t\t\t<\/div>\n\t\t\t\t<div class=\"elementor-element elementor-element-3bcfa35 elementor-align-center elementor-widget elementor-widget-button\" data-id=\"3bcfa35\" data-element_type=\"widget\" data-e-type=\"widget\" data-widget_type=\"button.default\">\n\t\t\t\t<div class=\"elementor-widget-container\">\n\t\t\t\t\t\t\t\t\t<div class=\"elementor-button-wrapper\">\n\t\t\t\t\t<a class=\"elementor-button elementor-button-link elementor-size-sm\" href=\"https:\/\/forms.office.com\/pages\/responsepage.aspx?id=lEvzSBihgEq1_kADO5369spVLHgfnq5CsJkrK4PK-_BUMkw5UDJSS0pYOTQyQkJDWDdJSFExNE5DNi4u&#038;route=shorturl\" target=\"_blank\">\n\t\t\t\t\t\t<span class=\"elementor-button-content-wrapper\">\n\t\t\t\t\t\t\t\t\t<span class=\"elementor-button-text\">Inscr\u00edbete<\/span>\n\t\t\t\t\t<\/span>\n\t\t\t\t\t<\/a>\n\t\t\t\t<\/div>\n\t\t\t\t\t\t\t\t<\/div>\n\t\t\t\t<\/div>\n\t\t\t\t<\/div>\n\t\t<div class=\"elementor-element elementor-element-95bb025 e-con-full e-flex e-con e-child\" data-id=\"95bb025\" data-element_type=\"container\" data-e-type=\"container\" data-settings=\"{&quot;background_background&quot;:&quot;classic&quot;}\">\n\t\t\t\t<div class=\"elementor-element elementor-element-cd2002c elementor-widget elementor-widget-heading\" data-id=\"cd2002c\" data-element_type=\"widget\" data-e-type=\"widget\" data-widget_type=\"heading.default\">\n\t\t\t\t<div class=\"elementor-widget-container\">\n\t\t\t\t\t<h2 class=\"elementor-heading-title elementor-size-default\">Pasarela de pago<\/h2>\t\t\t\t<\/div>\n\t\t\t\t<\/div>\n\t\t\t\t<div class=\"elementor-element elementor-element-58619e0 elementor-widget elementor-widget-heading\" data-id=\"58619e0\" data-element_type=\"widget\" data-e-type=\"widget\" data-widget_type=\"heading.default\">\n\t\t\t\t<div class=\"elementor-widget-container\">\n\t\t\t\t\t<p class=\"elementor-heading-title elementor-size-default\">Accede a la pasarela de pagos<\/p>\t\t\t\t<\/div>\n\t\t\t\t<\/div>\n\t\t\t\t<div class=\"elementor-element elementor-element-64207fe elementor-align-center elementor-widget elementor-widget-button\" data-id=\"64207fe\" data-element_type=\"widget\" data-e-type=\"widget\" data-widget_type=\"button.default\">\n\t\t\t\t<div class=\"elementor-widget-container\">\n\t\t\t\t\t\t\t\t\t<div class=\"elementor-button-wrapper\">\n\t\t\t\t\t<a class=\"elementor-button elementor-button-link elementor-size-sm\" href=\"https:\/\/sargantana.info\/tienda\/pasarela-de-pagos\/\" target=\"_blank\">\n\t\t\t\t\t\t<span class=\"elementor-button-content-wrapper\">\n\t\t\t\t\t\t\t\t\t<span class=\"elementor-button-text\">Pago<\/span>\n\t\t\t\t\t<\/span>\n\t\t\t\t\t<\/a>\n\t\t\t\t<\/div>\n\t\t\t\t\t\t\t\t<\/div>\n\t\t\t\t<\/div>\n\t\t\t\t<\/div>\n\t\t\t\t<div class=\"elementor-element elementor-element-c9335de elementor-align-center elementor-hidden-desktop elementor-hidden-tablet elementor-hidden-mobile elementor-widget elementor-widget-button\" data-id=\"c9335de\" data-element_type=\"widget\" data-e-type=\"widget\" data-widget_type=\"button.default\">\n\t\t\t\t<div class=\"elementor-widget-container\">\n\t\t\t\t\t\t\t\t\t<div class=\"elementor-button-wrapper\">\n\t\t\t\t\t<a class=\"elementor-button elementor-size-sm\" role=\"button\">\n\t\t\t\t\t\t<span class=\"elementor-button-content-wrapper\">\n\t\t\t\t\t\t\t\t\t<span class=\"elementor-button-text\">Material Necesario<\/span>\n\t\t\t\t\t<\/span>\n\t\t\t\t\t<\/a>\n\t\t\t\t<\/div>\n\t\t\t\t\t\t\t\t<\/div>\n\t\t\t\t<\/div>\n\t\t\t\t<div class=\"elementor-element elementor-element-81e2785 elementor-align-center elementor-widget elementor-widget-button\" data-id=\"81e2785\" data-element_type=\"widget\" data-e-type=\"widget\" data-widget_type=\"button.default\">\n\t\t\t\t<div class=\"elementor-widget-container\">\n\t\t\t\t\t\t\t\t\t<div class=\"elementor-button-wrapper\">\n\t\t\t\t\t<a class=\"elementor-button elementor-button-link elementor-size-sm\" href=\"https:\/\/sargantana.info\/web\/refugio-de-canfranc\/\" target=\"_blank\">\n\t\t\t\t\t\t<span class=\"elementor-button-content-wrapper\">\n\t\t\t\t\t\t\t\t\t<span class=\"elementor-button-text\">El alojamiento<\/span>\n\t\t\t\t\t<\/span>\n\t\t\t\t\t<\/a>\n\t\t\t\t<\/div>\n\t\t\t\t\t\t\t\t<\/div>\n\t\t\t\t<\/div>\n\t\t\t\t<div class=\"elementor-element elementor-element-225c5ed elementor-widget elementor-widget-image\" data-id=\"225c5ed\" data-element_type=\"widget\" data-e-type=\"widget\" data-widget_type=\"image.default\">\n\t\t\t\t<div class=\"elementor-widget-container\">\n\t\t\t\t\t\t\t\t\t\t\t\t\t\t\t\t<a href=\"https:\/\/sargantana.info\/new\/wp-content\/uploads\/2023\/06\/HORARIO-BUS-PLAN-ALTERNATIVO-TREN_-rotated-e1724057183180.jpg\" data-elementor-open-lightbox=\"yes\" data-elementor-lightbox-title=\"HORARIO BUS PLAN ALTERNATIVO TREN_\" data-e-action-hash=\"#elementor-action%3Aaction%3Dlightbox%26settings%3DeyJpZCI6NzQ4MDQsInVybCI6Imh0dHBzOlwvXC9zYXJnYW50YW5hLmluZm9cL3dlYlwvd3AtY29udGVudFwvdXBsb2Fkc1wvMjAyM1wvMDZcL0hPUkFSSU8tQlVTLVBMQU4tQUxURVJOQVRJVk8tVFJFTl8tcm90YXRlZC1lMTcyNDA1NzE4MzE4MC5qcGcifQ%3D%3D\">\n\t\t\t\t\t\t\t<img loading=\"lazy\" decoding=\"async\" width=\"1571\" height=\"2250\" src=\"https:\/\/sargantana.info\/web\/wp-content\/uploads\/2023\/06\/HORARIO-BUS-PLAN-ALTERNATIVO-TREN_-rotated-e1724057183180.jpg\" class=\"attachment-full size-full wp-image-74804\" alt=\"HORARIO BUS PLAN ALTERNATIVO TREN\" srcset=\"https:\/\/sargantana.info\/web\/wp-content\/uploads\/2023\/06\/HORARIO-BUS-PLAN-ALTERNATIVO-TREN_-rotated-e1724057183180.jpg 1571w, https:\/\/sargantana.info\/web\/wp-content\/uploads\/2023\/06\/HORARIO-BUS-PLAN-ALTERNATIVO-TREN_-rotated-e1724057183180-209x300.jpg 209w, https:\/\/sargantana.info\/web\/wp-content\/uploads\/2023\/06\/HORARIO-BUS-PLAN-ALTERNATIVO-TREN_-rotated-e1724057183180-715x1024.jpg 715w, https:\/\/sargantana.info\/web\/wp-content\/uploads\/2023\/06\/HORARIO-BUS-PLAN-ALTERNATIVO-TREN_-rotated-e1724057183180-768x1100.jpg 768w, https:\/\/sargantana.info\/web\/wp-content\/uploads\/2023\/06\/HORARIO-BUS-PLAN-ALTERNATIVO-TREN_-rotated-e1724057183180-1072x1536.jpg 1072w, https:\/\/sargantana.info\/web\/wp-content\/uploads\/2023\/06\/HORARIO-BUS-PLAN-ALTERNATIVO-TREN_-rotated-e1724057183180-1430x2048.jpg 1430w, https:\/\/sargantana.info\/web\/wp-content\/uploads\/2023\/06\/HORARIO-BUS-PLAN-ALTERNATIVO-TREN_-rotated-e1724057183180-600x859.jpg 600w\" sizes=\"(max-width: 1571px) 100vw, 1571px\" \/>\t\t\t\t\t\t\t\t<\/a>\n\t\t\t\t\t\t\t\t\t\t\t\t\t\t\t<\/div>\n\t\t\t\t<\/div>\n\t\t\t\t<\/div>\n\t\t\t\t<\/div>\n\t\t<div class=\"elementor-element elementor-element-0a89556 elementor-hidden-desktop elementor-hidden-tablet elementor-hidden-mobile e-flex e-con-boxed e-con e-parent\" data-id=\"0a89556\" data-element_type=\"container\" data-e-type=\"container\">\n\t\t\t\t\t<div class=\"e-con-inner\">\n\t\t\t\t<div class=\"elementor-element elementor-element-b1c9939 elementor-widget elementor-widget-heading\" data-id=\"b1c9939\" data-element_type=\"widget\" data-e-type=\"widget\" data-widget_type=\"heading.default\">\n\t\t\t\t<div class=\"elementor-widget-container\">\n\t\t\t\t\t<h2 class=\"elementor-heading-title elementor-size-default\">Esqu\u00ed Escolar<\/h2>\t\t\t\t<\/div>\n\t\t\t\t<\/div>\n\t\t\t\t<div class=\"elementor-element elementor-element-492455e elementor-widget-divider--view-line elementor-widget elementor-widget-divider\" data-id=\"492455e\" data-element_type=\"widget\" data-e-type=\"widget\" data-widget_type=\"divider.default\">\n\t\t\t\t<div class=\"elementor-widget-container\">\n\t\t\t\t\t\t\t<div class=\"elementor-divider\">\n\t\t\t<span class=\"elementor-divider-separator\">\n\t\t\t\t\t\t<\/span>\n\t\t<\/div>\n\t\t\t\t\t\t<\/div>\n\t\t\t\t<\/div>\n\t\t\t\t<div class=\"elementor-element elementor-element-610fb73 elementor-widget elementor-widget-image\" data-id=\"610fb73\" data-element_type=\"widget\" data-e-type=\"widget\" data-widget_type=\"image.default\">\n\t\t\t\t<div class=\"elementor-widget-container\">\n\t\t\t\t\t\t\t\t\t\t\t\t\t\t\t<img loading=\"lazy\" decoding=\"async\" width=\"2000\" height=\"1333\" src=\"https:\/\/sargantana.info\/web\/wp-content\/uploads\/2024\/08\/esqui-nino-madre.webp\" class=\"attachment-full size-full wp-image-77489\" alt=\"\" srcset=\"https:\/\/sargantana.info\/web\/wp-content\/uploads\/2024\/08\/esqui-nino-madre.webp 2000w, https:\/\/sargantana.info\/web\/wp-content\/uploads\/2024\/08\/esqui-nino-madre-300x200.webp 300w, https:\/\/sargantana.info\/web\/wp-content\/uploads\/2024\/08\/esqui-nino-madre-1024x682.webp 1024w, https:\/\/sargantana.info\/web\/wp-content\/uploads\/2024\/08\/esqui-nino-madre-768x512.webp 768w, https:\/\/sargantana.info\/web\/wp-content\/uploads\/2024\/08\/esqui-nino-madre-1536x1024.webp 1536w, https:\/\/sargantana.info\/web\/wp-content\/uploads\/2024\/08\/esqui-nino-madre-600x400.webp 600w\" sizes=\"(max-width: 2000px) 100vw, 2000px\" \/>\t\t\t\t\t\t\t\t\t\t\t\t\t\t\t<\/div>\n\t\t\t\t<\/div>\n\t\t\t\t<div class=\"elementor-element elementor-element-5e68535 elementor-widget elementor-widget-heading\" data-id=\"5e68535\" data-element_type=\"widget\" data-e-type=\"widget\" data-widget_type=\"heading.default\">\n\t\t\t\t<div class=\"elementor-widget-container\">\n\t\t\t\t\t<p class=\"elementor-heading-title elementor-size-default\">Esta oferta est\u00e1 especialmente pensada para aquellos grupos que no llegan a reunir el n\u00famero suficiente de participantes como para amortizar de forma \u00f3ptima el transporte. Pero es posible para cualquier n\u00famero de participantes.<\/p>\t\t\t\t<\/div>\n\t\t\t\t<\/div>\n\t\t\t\t\t<\/div>\n\t\t\t\t<\/div>\n\t\t<div class=\"elementor-element elementor-element-f056f70 e-flex e-con-boxed e-con e-child\" data-id=\"f056f70\" data-element_type=\"container\" data-e-type=\"container\" data-settings=\"{&quot;background_background&quot;:&quot;classic&quot;}\">\n\t\t\t\t\t<div class=\"e-con-inner\">\n\t\t<div class=\"elementor-element elementor-element-2044008 e-con-full e-flex e-con e-child\" data-id=\"2044008\" data-element_type=\"container\" data-e-type=\"container\" data-settings=\"{&quot;background_background&quot;:&quot;classic&quot;}\">\n\t\t\t\t<div class=\"elementor-element elementor-element-4ba4573 elementor-widget elementor-widget-heading\" data-id=\"4ba4573\" data-element_type=\"widget\" data-e-type=\"widget\" data-widget_type=\"heading.default\">\n\t\t\t\t<div class=\"elementor-widget-container\">\n\t\t\t\t\t<p class=\"elementor-heading-title elementor-size-default\">Disponemos de una instalaci\u00f3n <a href=\"https:\/\/sargantana.info\/web\/refugio-de-canfranc\/alojamiento\/\" style=\"color:#003366\">(<u>Albergue Sargantana<\/u>)<\/a> con capacidad de hasta 80 plazas, preparada espec\u00edficamente para grupos.<\/p>\t\t\t\t<\/div>\n\t\t\t\t<\/div>\n\t\t\t\t<\/div>\n\t\t\t\t\t<\/div>\n\t\t\t\t<\/div>\n\t\t<div class=\"elementor-element elementor-element-3a2cd89 e-flex e-con-boxed e-con e-child\" data-id=\"3a2cd89\" data-element_type=\"container\" data-e-type=\"container\" data-settings=\"{&quot;background_background&quot;:&quot;classic&quot;}\">\n\t\t\t\t\t<div class=\"e-con-inner\">\n\t\t<div class=\"elementor-element elementor-element-59beaae e-con-full e-flex e-con e-child\" data-id=\"59beaae\" data-element_type=\"container\" data-e-type=\"container\" data-settings=\"{&quot;background_background&quot;:&quot;classic&quot;}\">\n\t\t\t\t<div class=\"elementor-element elementor-element-1b41d2f elementor-widget elementor-widget-heading\" data-id=\"1b41d2f\" data-element_type=\"widget\" data-e-type=\"widget\" data-widget_type=\"heading.default\">\n\t\t\t\t<div class=\"elementor-widget-container\">\n\t\t\t\t\t<p class=\"elementor-heading-title elementor-size-default\">Si est\u00e1s interesad@ en que te hagamos una propuesta para esquiar este invierno, elige la opci\u00f3n deseada, selecciona las fechas y te responderemos lo antes posible.<\/p>\t\t\t\t<\/div>\n\t\t\t\t<\/div>\n\t\t\t\t<\/div>\n\t\t\t\t\t<\/div>\n\t\t\t\t<\/div>\n\t\t<div class=\"elementor-element elementor-element-ca8bc65 e-flex e-con-boxed e-con e-parent\" data-id=\"ca8bc65\" data-element_type=\"container\" data-e-type=\"container\">\n\t\t\t\t\t<div class=\"e-con-inner\">\n\t\t<div class=\"elementor-element elementor-element-06f5a77 e-con-full e-flex e-con e-child\" data-id=\"06f5a77\" data-element_type=\"container\" data-e-type=\"container\">\n\t\t\t\t<div class=\"elementor-element elementor-element-3bd6fbe elementor-align-center e-transform elementor-widget elementor-widget-button\" data-id=\"3bd6fbe\" data-element_type=\"widget\" data-e-type=\"widget\" data-settings=\"{&quot;_transform_scale_effect_hover&quot;:{&quot;unit&quot;:&quot;px&quot;,&quot;size&quot;:1.1,&quot;sizes&quot;:[]},&quot;_transform_scale_effect_hover_tablet&quot;:{&quot;unit&quot;:&quot;px&quot;,&quot;size&quot;:&quot;&quot;,&quot;sizes&quot;:[]},&quot;_transform_scale_effect_hover_mobile&quot;:{&quot;unit&quot;:&quot;px&quot;,&quot;size&quot;:&quot;&quot;,&quot;sizes&quot;:[]}}\" data-widget_type=\"button.default\">\n\t\t\t\t<div class=\"elementor-widget-container\">\n\t\t\t\t\t\t\t\t\t<div class=\"elementor-button-wrapper\">\n\t\t\t\t\t<a class=\"elementor-button elementor-button-link elementor-size-sm\" href=\"https:\/\/forms.office.com\/e\/42XkFg7yus\" target=\"_blank\">\n\t\t\t\t\t\t<span class=\"elementor-button-content-wrapper\">\n\t\t\t\t\t\t\t\t\t<span class=\"elementor-button-text\">Esqu\u00ed Alpino<\/span>\n\t\t\t\t\t<\/span>\n\t\t\t\t\t<\/a>\n\t\t\t\t<\/div>\n\t\t\t\t\t\t\t\t<\/div>\n\t\t\t\t<\/div>\n\t\t\t\t<\/div>\n\t\t<div class=\"elementor-element elementor-element-8dd6076 e-con-full e-flex e-con e-child\" data-id=\"8dd6076\" data-element_type=\"container\" data-e-type=\"container\">\n\t\t\t\t<div class=\"elementor-element elementor-element-680e75b elementor-align-center e-transform elementor-widget elementor-widget-button\" data-id=\"680e75b\" data-element_type=\"widget\" data-e-type=\"widget\" data-settings=\"{&quot;_transform_scale_effect_hover&quot;:{&quot;unit&quot;:&quot;px&quot;,&quot;size&quot;:1.1,&quot;sizes&quot;:[]},&quot;_transform_scale_effect_hover_tablet&quot;:{&quot;unit&quot;:&quot;px&quot;,&quot;size&quot;:&quot;&quot;,&quot;sizes&quot;:[]},&quot;_transform_scale_effect_hover_mobile&quot;:{&quot;unit&quot;:&quot;px&quot;,&quot;size&quot;:&quot;&quot;,&quot;sizes&quot;:[]}}\" data-widget_type=\"button.default\">\n\t\t\t\t<div class=\"elementor-widget-container\">\n\t\t\t\t\t\t\t\t\t<div class=\"elementor-button-wrapper\">\n\t\t\t\t\t<a class=\"elementor-button elementor-button-link elementor-size-sm\" href=\"https:\/\/forms.office.com\/e\/5KAZMD6ZDN\" target=\"_blank\">\n\t\t\t\t\t\t<span class=\"elementor-button-content-wrapper\">\n\t\t\t\t\t\t\t\t\t<span class=\"elementor-button-text\">Esqu\u00ed de Fondo<\/span>\n\t\t\t\t\t<\/span>\n\t\t\t\t\t<\/a>\n\t\t\t\t<\/div>\n\t\t\t\t\t\t\t\t<\/div>\n\t\t\t\t<\/div>\n\t\t\t\t<\/div>\n\t\t\t\t\t<\/div>\n\t\t\t\t<\/div>\n\t\t<div class=\"elementor-element elementor-element-ea941e2 e-flex e-con-boxed e-con e-child\" data-id=\"ea941e2\" data-element_type=\"container\" data-e-type=\"container\" data-settings=\"{&quot;background_background&quot;:&quot;classic&quot;}\">\n\t\t\t\t\t<div class=\"e-con-inner\">\n\t\t<div class=\"elementor-element elementor-element-3b8a17e e-con-full e-flex e-con e-child\" data-id=\"3b8a17e\" data-element_type=\"container\" data-e-type=\"container\" data-settings=\"{&quot;background_background&quot;:&quot;classic&quot;}\">\n\t\t\t\t<div class=\"elementor-element elementor-element-db00081 elementor-widget elementor-widget-heading\" data-id=\"db00081\" data-element_type=\"widget\" data-e-type=\"widget\" data-widget_type=\"heading.default\">\n\t\t\t\t<div class=\"elementor-widget-container\">\n\t\t\t\t\t<p class=\"elementor-heading-title elementor-size-default\">Podemos complementar la semana de esqu\u00ed con actividades adaptadas al inter\u00e9s del centro o de los acompa\u00f1antes si os parece apropiado.\n<br><br>\nLlevamos trabajando en la educaci\u00f3n en el tiempo libre desde hace muchos a\u00f1os, por lo que todos nuestros programas llevan un componente educativo transversal que vamos adaptando a cada actividad.<\/p>\t\t\t\t<\/div>\n\t\t\t\t<\/div>\n\t\t\t\t<\/div>\n\t\t\t\t\t<\/div>\n\t\t\t\t<\/div>\n\t\t\t\t<\/div>\n\t\t","protected":false},"excerpt":{"rendered":"<p>Campa\u00f1a de Invierno Esqu\u00ed Adultos Semanas Especiales Semana Navidad A\u00f1o Nuevo COMPLETO. Lista de espera Semana Santa 2026 Formulario de inscripci\u00f3n a nuestras campa\u00f1as de invierno Inscr\u00edbete Pasarela de pago Accede a la pasarela de pagos Pago Material Necesario El alojamiento Esqu\u00ed Escolar Esta oferta est\u00e1 especialmente pensada para aquellos grupos que no llegan a [&hellip;]<\/p>\n","protected":false},"author":36,"featured_media":0,"parent":0,"menu_order":0,"comment_status":"closed","ping_status":"closed","template":"","meta":{"inline_featured_image":false,"_joinchat":[],"footnotes":""},"class_list":["post-77498","page","type-page","status-publish","hentry"],"yoast_head":"<!-- This site is optimized with the Yoast SEO plugin v27.4 - https:\/\/yoast.com\/product\/yoast-seo-wordpress\/ -->\n<title>Campa\u00f1a de Invierno - Sargantana<\/title>\n<meta name=\"robots\" content=\"index, follow, max-snippet:-1, max-image-preview:large, max-video-preview:-1\" \/>\n<link rel=\"canonical\" href=\"https:\/\/sargantana.info\/web\/campana-de-invierno\/\" \/>\n<meta property=\"og:locale\" content=\"es_ES\" \/>\n<meta property=\"og:type\" content=\"article\" \/>\n<meta property=\"og:title\" content=\"Campa\u00f1a de Invierno - Sargantana\" \/>\n<meta property=\"og:description\" content=\"Campa\u00f1a de Invierno Esqu\u00ed Adultos Semanas Especiales Semana Navidad A\u00f1o Nuevo COMPLETO. Lista de espera Semana Santa 2026 Formulario de inscripci\u00f3n a nuestras campa\u00f1as de invierno Inscr\u00edbete Pasarela de pago Accede a la pasarela de pagos Pago Material Necesario El alojamiento Esqu\u00ed Escolar Esta oferta est\u00e1 especialmente pensada para aquellos grupos que no llegan a [&hellip;]\" \/>\n<meta property=\"og:url\" content=\"https:\/\/sargantana.info\/web\/campana-de-invierno\/\" \/>\n<meta property=\"og:site_name\" content=\"Sargantana\" \/>\n<meta property=\"article:publisher\" content=\"https:\/\/www.facebook.com\/Sargantana.info\" \/>\n<meta property=\"article:modified_time\" content=\"2026-04-05T22:06:08+00:00\" \/>\n<meta property=\"og:image\" content=\"https:\/\/sargantana.info\/web\/wp-content\/uploads\/2025\/08\/Oferta-de-esqui-Navidad_25.jpg\" \/>\n\t<meta property=\"og:image:width\" content=\"1655\" \/>\n\t<meta property=\"og:image:height\" content=\"2340\" \/>\n\t<meta property=\"og:image:type\" content=\"image\/jpeg\" \/>\n<meta name=\"twitter:card\" content=\"summary_large_image\" \/>\n<meta name=\"twitter:site\" content=\"@Sargantana_\" \/>\n<meta name=\"twitter:label1\" content=\"Tiempo de lectura\" \/>\n\t<meta name=\"twitter:data1\" content=\"2 minutos\" \/>\n<script type=\"application\/ld+json\" class=\"yoast-schema-graph\">{\"@context\":\"https:\\\/\\\/schema.org\",\"@graph\":[{\"@type\":\"WebPage\",\"@id\":\"https:\\\/\\\/sargantana.info\\\/web\\\/campana-de-invierno\\\/\",\"url\":\"https:\\\/\\\/sargantana.info\\\/web\\\/campana-de-invierno\\\/\",\"name\":\"Campa\u00f1a de Invierno - Sargantana\",\"isPartOf\":{\"@id\":\"https:\\\/\\\/sargantana.info\\\/web\\\/#website\"},\"primaryImageOfPage\":{\"@id\":\"https:\\\/\\\/sargantana.info\\\/web\\\/campana-de-invierno\\\/#primaryimage\"},\"image\":{\"@id\":\"https:\\\/\\\/sargantana.info\\\/web\\\/campana-de-invierno\\\/#primaryimage\"},\"thumbnailUrl\":\"https:\\\/\\\/sargantana.info\\\/web\\\/wp-content\\\/uploads\\\/2025\\\/08\\\/Oferta-de-esqui-Navidad_25.jpg\",\"datePublished\":\"2024-08-26T09:20:10+00:00\",\"dateModified\":\"2026-04-05T22:06:08+00:00\",\"breadcrumb\":{\"@id\":\"https:\\\/\\\/sargantana.info\\\/web\\\/campana-de-invierno\\\/#breadcrumb\"},\"inLanguage\":\"es\",\"potentialAction\":[{\"@type\":\"ReadAction\",\"target\":[\"https:\\\/\\\/sargantana.info\\\/web\\\/campana-de-invierno\\\/\"]}]},{\"@type\":\"ImageObject\",\"inLanguage\":\"es\",\"@id\":\"https:\\\/\\\/sargantana.info\\\/web\\\/campana-de-invierno\\\/#primaryimage\",\"url\":\"https:\\\/\\\/sargantana.info\\\/web\\\/wp-content\\\/uploads\\\/2025\\\/08\\\/Oferta-de-esqui-Navidad_25.jpg\",\"contentUrl\":\"https:\\\/\\\/sargantana.info\\\/web\\\/wp-content\\\/uploads\\\/2025\\\/08\\\/Oferta-de-esqui-Navidad_25.jpg\",\"width\":1655,\"height\":2340},{\"@type\":\"BreadcrumbList\",\"@id\":\"https:\\\/\\\/sargantana.info\\\/web\\\/campana-de-invierno\\\/#breadcrumb\",\"itemListElement\":[{\"@type\":\"ListItem\",\"position\":1,\"name\":\"Portada\",\"item\":\"https:\\\/\\\/sargantana.info\\\/web\\\/\"},{\"@type\":\"ListItem\",\"position\":2,\"name\":\"Campa\u00f1a de Invierno\"}]},{\"@type\":\"WebSite\",\"@id\":\"https:\\\/\\\/sargantana.info\\\/web\\\/#website\",\"url\":\"https:\\\/\\\/sargantana.info\\\/web\\\/\",\"name\":\"Sargantana\",\"description\":\"Educaci\u00f3n ambiental y tiempo libre en el Pirineo Aragon\u00e9s\",\"publisher\":{\"@id\":\"https:\\\/\\\/sargantana.info\\\/web\\\/#organization\"},\"potentialAction\":[{\"@type\":\"SearchAction\",\"target\":{\"@type\":\"EntryPoint\",\"urlTemplate\":\"https:\\\/\\\/sargantana.info\\\/web\\\/?s={search_term_string}\"},\"query-input\":{\"@type\":\"PropertyValueSpecification\",\"valueRequired\":true,\"valueName\":\"search_term_string\"}}],\"inLanguage\":\"es\"},{\"@type\":\"Organization\",\"@id\":\"https:\\\/\\\/sargantana.info\\\/web\\\/#organization\",\"name\":\"Sargantana\",\"url\":\"https:\\\/\\\/sargantana.info\\\/web\\\/\",\"logo\":{\"@type\":\"ImageObject\",\"inLanguage\":\"es\",\"@id\":\"https:\\\/\\\/sargantana.info\\\/web\\\/#\\\/schema\\\/logo\\\/image\\\/\",\"url\":\"https:\\\/\\\/sargantana.info\\\/web\\\/wp-content\\\/uploads\\\/2023\\\/02\\\/Sargantana-transparente-e1676147721574.png\",\"contentUrl\":\"https:\\\/\\\/sargantana.info\\\/web\\\/wp-content\\\/uploads\\\/2023\\\/02\\\/Sargantana-transparente-e1676147721574.png\",\"width\":365,\"height\":211,\"caption\":\"Sargantana\"},\"image\":{\"@id\":\"https:\\\/\\\/sargantana.info\\\/web\\\/#\\\/schema\\\/logo\\\/image\\\/\"},\"sameAs\":[\"https:\\\/\\\/www.facebook.com\\\/Sargantana.info\",\"https:\\\/\\\/x.com\\\/Sargantana_\",\"https:\\\/\\\/www.instagram.com\\\/sargantana_canfranc\\\/\"]}]}<\/script>\n<!-- \/ Yoast SEO plugin. -->","yoast_head_json":{"title":"Campa\u00f1a de Invierno - Sargantana","robots":{"index":"index","follow":"follow","max-snippet":"max-snippet:-1","max-image-preview":"max-image-preview:large","max-video-preview":"max-video-preview:-1"},"canonical":"https:\/\/sargantana.info\/web\/campana-de-invierno\/","og_locale":"es_ES","og_type":"article","og_title":"Campa\u00f1a de Invierno - Sargantana","og_description":"Campa\u00f1a de Invierno Esqu\u00ed Adultos Semanas Especiales Semana Navidad A\u00f1o Nuevo COMPLETO. Lista de espera Semana Santa 2026 Formulario de inscripci\u00f3n a nuestras campa\u00f1as de invierno Inscr\u00edbete Pasarela de pago Accede a la pasarela de pagos Pago Material Necesario El alojamiento Esqu\u00ed Escolar Esta oferta est\u00e1 especialmente pensada para aquellos grupos que no llegan a [&hellip;]","og_url":"https:\/\/sargantana.info\/web\/campana-de-invierno\/","og_site_name":"Sargantana","article_publisher":"https:\/\/www.facebook.com\/Sargantana.info","article_modified_time":"2026-04-05T22:06:08+00:00","og_image":[{"width":1655,"height":2340,"url":"https:\/\/sargantana.info\/web\/wp-content\/uploads\/2025\/08\/Oferta-de-esqui-Navidad_25.jpg","type":"image\/jpeg"}],"twitter_card":"summary_large_image","twitter_site":"@Sargantana_","twitter_misc":{"Tiempo de lectura":"2 minutos"},"schema":{"@context":"https:\/\/schema.org","@graph":[{"@type":"WebPage","@id":"https:\/\/sargantana.info\/web\/campana-de-invierno\/","url":"https:\/\/sargantana.info\/web\/campana-de-invierno\/","name":"Campa\u00f1a de Invierno - Sargantana","isPartOf":{"@id":"https:\/\/sargantana.info\/web\/#website"},"primaryImageOfPage":{"@id":"https:\/\/sargantana.info\/web\/campana-de-invierno\/#primaryimage"},"image":{"@id":"https:\/\/sargantana.info\/web\/campana-de-invierno\/#primaryimage"},"thumbnailUrl":"https:\/\/sargantana.info\/web\/wp-content\/uploads\/2025\/08\/Oferta-de-esqui-Navidad_25.jpg","datePublished":"2024-08-26T09:20:10+00:00","dateModified":"2026-04-05T22:06:08+00:00","breadcrumb":{"@id":"https:\/\/sargantana.info\/web\/campana-de-invierno\/#breadcrumb"},"inLanguage":"es","potentialAction":[{"@type":"ReadAction","target":["https:\/\/sargantana.info\/web\/campana-de-invierno\/"]}]},{"@type":"ImageObject","inLanguage":"es","@id":"https:\/\/sargantana.info\/web\/campana-de-invierno\/#primaryimage","url":"https:\/\/sargantana.info\/web\/wp-content\/uploads\/2025\/08\/Oferta-de-esqui-Navidad_25.jpg","contentUrl":"https:\/\/sargantana.info\/web\/wp-content\/uploads\/2025\/08\/Oferta-de-esqui-Navidad_25.jpg","width":1655,"height":2340},{"@type":"BreadcrumbList","@id":"https:\/\/sargantana.info\/web\/campana-de-invierno\/#breadcrumb","itemListElement":[{"@type":"ListItem","position":1,"name":"Portada","item":"https:\/\/sargantana.info\/web\/"},{"@type":"ListItem","position":2,"name":"Campa\u00f1a de Invierno"}]},{"@type":"WebSite","@id":"https:\/\/sargantana.info\/web\/#website","url":"https:\/\/sargantana.info\/web\/","name":"Sargantana","description":"Educaci\u00f3n ambiental y tiempo libre en el Pirineo Aragon\u00e9s","publisher":{"@id":"https:\/\/sargantana.info\/web\/#organization"},"potentialAction":[{"@type":"SearchAction","target":{"@type":"EntryPoint","urlTemplate":"https:\/\/sargantana.info\/web\/?s={search_term_string}"},"query-input":{"@type":"PropertyValueSpecification","valueRequired":true,"valueName":"search_term_string"}}],"inLanguage":"es"},{"@type":"Organization","@id":"https:\/\/sargantana.info\/web\/#organization","name":"Sargantana","url":"https:\/\/sargantana.info\/web\/","logo":{"@type":"ImageObject","inLanguage":"es","@id":"https:\/\/sargantana.info\/web\/#\/schema\/logo\/image\/","url":"https:\/\/sargantana.info\/web\/wp-content\/uploads\/2023\/02\/Sargantana-transparente-e1676147721574.png","contentUrl":"https:\/\/sargantana.info\/web\/wp-content\/uploads\/2023\/02\/Sargantana-transparente-e1676147721574.png","width":365,"height":211,"caption":"Sargantana"},"image":{"@id":"https:\/\/sargantana.info\/web\/#\/schema\/logo\/image\/"},"sameAs":["https:\/\/www.facebook.com\/Sargantana.info","https:\/\/x.com\/Sargantana_","https:\/\/www.instagram.com\/sargantana_canfranc\/"]}]}},"_links":{"self":[{"href":"https:\/\/sargantana.info\/web\/wp-json\/wp\/v2\/pages\/77498","targetHints":{"allow":["GET"]}}],"collection":[{"href":"https:\/\/sargantana.info\/web\/wp-json\/wp\/v2\/pages"}],"about":[{"href":"https:\/\/sargantana.info\/web\/wp-json\/wp\/v2\/types\/page"}],"author":[{"embeddable":true,"href":"https:\/\/sargantana.info\/web\/wp-json\/wp\/v2\/users\/36"}],"replies":[{"embeddable":true,"href":"https:\/\/sargantana.info\/web\/wp-json\/wp\/v2\/comments?post=77498"}],"version-history":[{"count":112,"href":"https:\/\/sargantana.info\/web\/wp-json\/wp\/v2\/pages\/77498\/revisions"}],"predecessor-version":[{"id":79499,"href":"https:\/\/sargantana.info\/web\/wp-json\/wp\/v2\/pages\/77498\/revisions\/79499"}],"wp:attachment":[{"href":"https:\/\/sargantana.info\/web\/wp-json\/wp\/v2\/media?parent=77498"}],"curies":[{"name":"wp","href":"https:\/\/api.w.org\/{rel}","templated":true}]}}