{"id":78700,"date":"2025-05-13T11:15:00","date_gmt":"2025-05-13T09:15:00","guid":{"rendered":"https:\/\/sargantana.info\/web\/?page_id=78700"},"modified":"2025-10-17T17:15:22","modified_gmt":"2025-10-17T15:15:22","slug":"fundacion-sargantana-social","status":"publish","type":"page","link":"https:\/\/sargantana.info\/web\/fundacion-sargantana-social\/","title":{"rendered":"FUNDACION SARGANTANA SOCIAL"},"content":{"rendered":"\t\t<div data-elementor-type=\"wp-page\" data-elementor-id=\"78700\" class=\"elementor elementor-78700\" data-elementor-post-type=\"page\">\n\t\t\t\t<div class=\"elementor-element elementor-element-bc1d27a e-flex e-con-boxed e-con e-parent\" data-id=\"bc1d27a\" data-element_type=\"container\" data-e-type=\"container\">\n\t\t\t\t\t<div class=\"e-con-inner\">\n\t\t<div class=\"elementor-element elementor-element-ded3d80 e-con-full e-flex e-con e-child\" data-id=\"ded3d80\" data-element_type=\"container\" data-e-type=\"container\" data-settings=\"{&quot;background_background&quot;:&quot;slideshow&quot;,&quot;background_slideshow_gallery&quot;:[{&quot;id&quot;:78879,&quot;url&quot;:&quot;https:\\\/\\\/sargantana.info\\\/web\\\/wp-content\\\/uploads\\\/2025\\\/08\\\/ERIES.png&quot;}],&quot;background_slideshow_loop&quot;:&quot;yes&quot;,&quot;background_slideshow_slide_duration&quot;:5000,&quot;background_slideshow_slide_transition&quot;:&quot;fade&quot;,&quot;background_slideshow_transition_duration&quot;:500}\">\n\t\t<div class=\"elementor-element elementor-element-584c490 e-con-full e-flex e-con e-child\" data-id=\"584c490\" data-element_type=\"container\" data-e-type=\"container\">\n\t\t\t\t<div class=\"elementor-element elementor-element-f7e660e elementor-widget elementor-widget-text-editor\" data-id=\"f7e660e\" data-element_type=\"widget\" data-e-type=\"widget\" data-widget_type=\"text-editor.default\">\n\t\t\t\t<div class=\"elementor-widget-container\">\n\t\t\t\t\t\t\t\t\t<h2 style=\"text-align: center;\"><span class=\"OYPEnA\">\u00bfQuieres emprender y formar parte de <a href=\"https:\/\/eries.sargantana.info\/\">ERIES<\/a>?<\/span><\/h2>\t\t\t\t\t\t\t\t<\/div>\n\t\t\t\t<\/div>\n\t\t\t\t<\/div>\n\t\t<div class=\"elementor-element elementor-element-d2f10ef e-con-full e-flex e-con e-child\" data-id=\"d2f10ef\" data-element_type=\"container\" data-e-type=\"container\">\n\t\t\t\t<div class=\"elementor-element elementor-element-54f736e elementor-widget elementor-widget-text-editor\" data-id=\"54f736e\" data-element_type=\"widget\" data-e-type=\"widget\" data-widget_type=\"text-editor.default\">\n\t\t\t\t<div class=\"elementor-widget-container\">\n\t\t\t\t\t\t\t\t\t<p><span class=\"OYPEnA\">Un proyecto que busca fomentar el emprendimiento colectivo en el \u00e1mbito de la econom\u00eda social, especialmente en zonas rurales y de monta\u00f1a del Pirineo (Arag\u00f3n, Navarra y Catalu\u00f1a), para combatir la despoblaci\u00f3n y la dependencia del turismo<\/span><\/p>\t\t\t\t\t\t\t\t<\/div>\n\t\t\t\t<\/div>\n\t\t\t\t<\/div>\n\t\t\t\t<\/div>\n\t\t\t\t\t<\/div>\n\t\t\t\t<\/div>\n\t\t<div class=\"elementor-element elementor-element-dd010d0 e-flex e-con-boxed e-con e-parent\" data-id=\"dd010d0\" data-element_type=\"container\" data-e-type=\"container\">\n\t\t\t\t\t<div class=\"e-con-inner\">\n\t\t\t\t<div class=\"elementor-element elementor-element-5fcca82 elementor-widget elementor-widget-video\" data-id=\"5fcca82\" data-element_type=\"widget\" data-e-type=\"widget\" data-settings=\"{&quot;youtube_url&quot;:&quot;https:\\\/\\\/youtu.be\\\/kVSRc1v5o7A&quot;,&quot;start&quot;:3,&quot;autoplay&quot;:&quot;yes&quot;,&quot;play_on_mobile&quot;:&quot;yes&quot;,&quot;mute&quot;:&quot;yes&quot;,&quot;loop&quot;:&quot;yes&quot;,&quot;video_type&quot;:&quot;youtube&quot;,&quot;controls&quot;:&quot;yes&quot;}\" data-widget_type=\"video.default\">\n\t\t\t\t<div class=\"elementor-widget-container\">\n\t\t\t\t\t\t\t<div class=\"elementor-wrapper elementor-open-inline\">\n\t\t\t<div class=\"elementor-video\"><\/div>\t\t<\/div>\n\t\t\t\t\t\t<\/div>\n\t\t\t\t<\/div>\n\t\t\t\t\t<\/div>\n\t\t\t\t<\/div>\n\t\t<div class=\"elementor-element elementor-element-5411538 e-flex e-con-boxed e-con e-parent\" data-id=\"5411538\" data-element_type=\"container\" data-e-type=\"container\">\n\t\t\t\t\t<div class=\"e-con-inner\">\n\t\t\t\t<div class=\"elementor-element elementor-element-88eb572 elementor-widget__width-initial elementor-widget elementor-widget-image\" data-id=\"88eb572\" data-element_type=\"widget\" data-e-type=\"widget\" data-widget_type=\"image.default\">\n\t\t\t\t<div class=\"elementor-widget-container\">\n\t\t\t\t\t\t\t\t\t\t\t\t\t\t\t<img fetchpriority=\"high\" decoding=\"async\" width=\"800\" height=\"566\" src=\"https:\/\/sargantana.info\/web\/wp-content\/uploads\/2025\/09\/DSC_5822_3-1024x724.jpg\" class=\"attachment-large size-large wp-image-78980\" alt=\"\" srcset=\"https:\/\/sargantana.info\/web\/wp-content\/uploads\/2025\/09\/DSC_5822_3-1024x724.jpg 1024w, https:\/\/sargantana.info\/web\/wp-content\/uploads\/2025\/09\/DSC_5822_3-300x212.jpg 300w, https:\/\/sargantana.info\/web\/wp-content\/uploads\/2025\/09\/DSC_5822_3-768x543.jpg 768w, https:\/\/sargantana.info\/web\/wp-content\/uploads\/2025\/09\/DSC_5822_3-1536x1086.jpg 1536w, https:\/\/sargantana.info\/web\/wp-content\/uploads\/2025\/09\/DSC_5822_3.jpg 1754w\" sizes=\"(max-width: 800px) 100vw, 800px\" \/>\t\t\t\t\t\t\t\t\t\t\t\t\t\t\t<\/div>\n\t\t\t\t<\/div>\n\t\t\t\t<div class=\"elementor-element elementor-element-25eef62 elementor-widget elementor-widget-image\" data-id=\"25eef62\" data-element_type=\"widget\" data-e-type=\"widget\" data-widget_type=\"image.default\">\n\t\t\t\t<div class=\"elementor-widget-container\">\n\t\t\t\t\t\t\t\t\t\t\t\t\t\t\t<img decoding=\"async\" width=\"800\" height=\"531\" src=\"https:\/\/sargantana.info\/web\/wp-content\/uploads\/2025\/09\/DSC_5407_3-1024x680.jpg\" class=\"attachment-large size-large wp-image-78977\" alt=\"\" srcset=\"https:\/\/sargantana.info\/web\/wp-content\/uploads\/2025\/09\/DSC_5407_3-1024x680.jpg 1024w, https:\/\/sargantana.info\/web\/wp-content\/uploads\/2025\/09\/DSC_5407_3-300x199.jpg 300w, https:\/\/sargantana.info\/web\/wp-content\/uploads\/2025\/09\/DSC_5407_3-768x510.jpg 768w, https:\/\/sargantana.info\/web\/wp-content\/uploads\/2025\/09\/DSC_5407_3-1536x1019.jpg 1536w, https:\/\/sargantana.info\/web\/wp-content\/uploads\/2025\/09\/DSC_5407_3.jpg 1754w\" sizes=\"(max-width: 800px) 100vw, 800px\" \/>\t\t\t\t\t\t\t\t\t\t\t\t\t\t\t<\/div>\n\t\t\t\t<\/div>\n\t\t\t\t\t<\/div>\n\t\t\t\t<\/div>\n\t\t<div class=\"elementor-element elementor-element-3a33286 e-flex e-con-boxed e-con e-parent\" data-id=\"3a33286\" data-element_type=\"container\" data-e-type=\"container\">\n\t\t\t\t\t<div class=\"e-con-inner\">\n\t\t\t\t<div class=\"elementor-element elementor-element-e5c3465 elementor-widget elementor-widget-heading\" data-id=\"e5c3465\" data-element_type=\"widget\" data-e-type=\"widget\" data-widget_type=\"heading.default\">\n\t\t\t\t<div class=\"elementor-widget-container\">\n\t\t\t\t\t<h2 class=\"elementor-heading-title elementor-size-default\">Presentaci\u00f3n<\/h2>\t\t\t\t<\/div>\n\t\t\t\t<\/div>\n\t\t\t\t<div class=\"elementor-element elementor-element-fe9e359 elementor-widget elementor-widget-text-editor\" data-id=\"fe9e359\" data-element_type=\"widget\" data-e-type=\"widget\" data-widget_type=\"text-editor.default\">\n\t\t\t\t<div class=\"elementor-widget-container\">\n\t\t\t\t\t\t\t\t\t<p><strong>La Fundaci\u00f3n Sargantana Social<\/strong> es una entidad privada, sin \u00e1nimo de lucro, de iniciativa social, con sede en Canfranc (Huesca). Nace con el prop\u00f3sito de transformar el entorno rural, promover la inclusi\u00f3n, la igualdad y el desarrollo sostenible a trav\u00e9s de iniciativas innovadoras dirigidas especialmente a colectivos en situaci\u00f3n de vulnerabilidad.<\/p><p>Inspirada en valores de justicia social, cooperaci\u00f3n y sostenibilidad, la Fundaci\u00f3n impulsa proyectos sociales, culturales, formativos y ambientales que favorecen la participaci\u00f3n, el empoderamiento y la cohesi\u00f3n territorial. Su \u00e1mbito de actuaci\u00f3n principal es Arag\u00f3n, aunque su mirada es abierta y colaborativa a nivel nacional e internacional.<\/p><p>Desde una perspectiva de triple balance (social, medioambiental y econ\u00f3mico), desarrolla acciones que abarcan desde la formaci\u00f3n en el tiempo libre y el empleo rural, hasta la creaci\u00f3n de redes inclusivas, consultor\u00eda social y programas de desarrollo vinculados a la Agenda 2030.<\/p>\t\t\t\t\t\t\t\t<\/div>\n\t\t\t\t<\/div>\n\t\t\t\t<div class=\"elementor-element elementor-element-7c37f3c elementor-widget elementor-widget-heading\" data-id=\"7c37f3c\" data-element_type=\"widget\" data-e-type=\"widget\" data-widget_type=\"heading.default\">\n\t\t\t\t<div class=\"elementor-widget-container\">\n\t\t\t\t\t<h2 class=\"elementor-heading-title elementor-size-default\">Misi\u00f3n<\/h2>\t\t\t\t<\/div>\n\t\t\t\t<\/div>\n\t\t\t\t<div class=\"elementor-element elementor-element-d1b9cd7 elementor-widget elementor-widget-text-editor\" data-id=\"d1b9cd7\" data-element_type=\"widget\" data-e-type=\"widget\" data-widget_type=\"text-editor.default\">\n\t\t\t\t<div class=\"elementor-widget-container\">\n\t\t\t\t\t\t\t\t\t<p>Promover la inclusi\u00f3n social, la igualdad de oportunidades y el desarrollo sostenible del medio rural, mediante proyectos sociales, culturales, educativos y ambientales dirigidos especialmente a personas en riesgo de exclusi\u00f3n, con discapacidad o con dificultades en su desarrollo personal o profesional.<\/p>\t\t\t\t\t\t\t\t<\/div>\n\t\t\t\t<\/div>\n\t\t\t\t<div class=\"elementor-element elementor-element-e2eeb3a elementor-widget elementor-widget-heading\" data-id=\"e2eeb3a\" data-element_type=\"widget\" data-e-type=\"widget\" data-widget_type=\"heading.default\">\n\t\t\t\t<div class=\"elementor-widget-container\">\n\t\t\t\t\t<h2 class=\"elementor-heading-title elementor-size-default\">Visi\u00f3n<\/h2>\t\t\t\t<\/div>\n\t\t\t\t<\/div>\n\t\t\t\t<div class=\"elementor-element elementor-element-0f88079 elementor-widget elementor-widget-text-editor\" data-id=\"0f88079\" data-element_type=\"widget\" data-e-type=\"widget\" data-widget_type=\"text-editor.default\">\n\t\t\t\t<div class=\"elementor-widget-container\">\n\t\t\t\t\t\t\t\t\t<p>Ser un referente en Arag\u00f3n y en el \u00e1mbito rural nacional en la creaci\u00f3n de oportunidades inclusivas y sostenibles, fomentando la innovaci\u00f3n social, la cooperaci\u00f3n entre sectores y la transformaci\u00f3n territorial, con impacto real en la vida de las personas y comunidades.<\/p>\t\t\t\t\t\t\t\t<\/div>\n\t\t\t\t<\/div>\n\t\t\t\t<div class=\"elementor-element elementor-element-9ddabe3 elementor-widget elementor-widget-heading\" data-id=\"9ddabe3\" data-element_type=\"widget\" data-e-type=\"widget\" data-widget_type=\"heading.default\">\n\t\t\t\t<div class=\"elementor-widget-container\">\n\t\t\t\t\t<h2 class=\"elementor-heading-title elementor-size-default\">Nuestros Valores<\/h2>\t\t\t\t<\/div>\n\t\t\t\t<\/div>\n\t\t\t\t<div class=\"elementor-element elementor-element-bf51bb3 elementor-widget elementor-widget-text-editor\" data-id=\"bf51bb3\" data-element_type=\"widget\" data-e-type=\"widget\" data-widget_type=\"text-editor.default\">\n\t\t\t\t<div class=\"elementor-widget-container\">\n\t\t\t\t\t\t\t\t\t<ul><li><strong>Compromiso social:<\/strong> trabajamos para mejorar la vida de las personas m\u00e1s vulnerables.<\/li><li><strong>Inclusi\u00f3n y diversidad:<\/strong> defendemos la igualdad de oportunidades para todas las personas, sin discriminaci\u00f3n.<\/li><li><strong>Innovaci\u00f3n social:<\/strong> apostamos por nuevas formas de intervenir, colaborar y transformar realidades.<\/li><li><strong>Desarrollo sostenible:<\/strong> todas nuestras acciones est\u00e1n alineadas con la Agenda 2030 y el equilibrio entre lo social, lo ambiental y lo econ\u00f3mico.<\/li><li><strong>Participaci\u00f3n y cooperaci\u00f3n:<\/strong> promovemos el trabajo en red entre administraciones, entidades sociales, empresas y ciudadan\u00eda.<\/li><li><strong>Territorialidad:<\/strong> creemos en el valor del medio rural y trabajamos por su revitalizaci\u00f3n y dinamismo.<\/li><\/ul>\t\t\t\t\t\t\t\t<\/div>\n\t\t\t\t<\/div>\n\t\t\t\t\t<\/div>\n\t\t\t\t<\/div>\n\t\t\t\t<\/div>\n\t\t","protected":false},"excerpt":{"rendered":"<p>\u00bfQuieres emprender y formar parte de ERIES? Un proyecto que busca fomentar el emprendimiento colectivo en el \u00e1mbito de la econom\u00eda social, especialmente en zonas rurales y de monta\u00f1a del Pirineo (Arag\u00f3n, Navarra y Catalu\u00f1a), para combatir la despoblaci\u00f3n y la dependencia del turismo https:\/\/youtu.be\/kVSRc1v5o7A Presentaci\u00f3n La Fundaci\u00f3n Sargantana Social es una entidad privada, sin [&hellip;]<\/p>\n","protected":false},"author":1,"featured_media":0,"parent":0,"menu_order":0,"comment_status":"closed","ping_status":"closed","template":"","meta":{"inline_featured_image":false,"_joinchat":[],"footnotes":""},"class_list":["post-78700","page","type-page","status-publish","hentry"],"yoast_head":"<!-- This site is optimized with the Yoast SEO plugin v27.4 - https:\/\/yoast.com\/product\/yoast-seo-wordpress\/ -->\n<title>FUNDACION SARGANTANA SOCIAL - Sargantana<\/title>\n<meta name=\"description\" content=\"Conoce nuestra historia, valores y misi\u00f3n. Descubre c\u00f3mo trabajamos para ofrecerte lo mejor cada d\u00eda. \u00a1Vive la naturaleza con nosotros!\" \/>\n<meta name=\"robots\" content=\"index, follow, max-snippet:-1, max-image-preview:large, max-video-preview:-1\" \/>\n<link rel=\"canonical\" href=\"https:\/\/sargantana.info\/web\/fundacion-sargantana-social\/\" \/>\n<meta property=\"og:locale\" content=\"es_ES\" \/>\n<meta property=\"og:type\" content=\"article\" \/>\n<meta property=\"og:title\" content=\"FUNDACION SARGANTANA SOCIAL - Sargantana\" \/>\n<meta property=\"og:description\" content=\"Conoce nuestra historia, valores y misi\u00f3n. Descubre c\u00f3mo trabajamos para ofrecerte lo mejor cada d\u00eda. \u00a1Vive la naturaleza con nosotros!\" \/>\n<meta property=\"og:url\" content=\"https:\/\/sargantana.info\/web\/fundacion-sargantana-social\/\" \/>\n<meta property=\"og:site_name\" content=\"Sargantana\" \/>\n<meta property=\"article:publisher\" content=\"https:\/\/www.facebook.com\/Sargantana.info\" \/>\n<meta property=\"article:modified_time\" content=\"2025-10-17T15:15:22+00:00\" \/>\n<meta property=\"og:image\" content=\"https:\/\/sargantana.info\/web\/wp-content\/uploads\/2025\/09\/DSC_5822_3.jpg\" \/>\n\t<meta property=\"og:image:width\" content=\"1754\" \/>\n\t<meta property=\"og:image:height\" content=\"1240\" \/>\n\t<meta property=\"og:image:type\" content=\"image\/jpeg\" \/>\n<meta name=\"twitter:card\" content=\"summary_large_image\" \/>\n<meta name=\"twitter:site\" content=\"@Sargantana_\" \/>\n<meta name=\"twitter:label1\" content=\"Tiempo de lectura\" \/>\n\t<meta name=\"twitter:data1\" content=\"3 minutos\" \/>\n<script type=\"application\/ld+json\" class=\"yoast-schema-graph\">{\"@context\":\"https:\\\/\\\/schema.org\",\"@graph\":[{\"@type\":\"WebPage\",\"@id\":\"https:\\\/\\\/sargantana.info\\\/web\\\/fundacion-sargantana-social\\\/\",\"url\":\"https:\\\/\\\/sargantana.info\\\/web\\\/fundacion-sargantana-social\\\/\",\"name\":\"FUNDACION SARGANTANA SOCIAL - Sargantana\",\"isPartOf\":{\"@id\":\"https:\\\/\\\/sargantana.info\\\/web\\\/#website\"},\"primaryImageOfPage\":{\"@id\":\"https:\\\/\\\/sargantana.info\\\/web\\\/fundacion-sargantana-social\\\/#primaryimage\"},\"image\":{\"@id\":\"https:\\\/\\\/sargantana.info\\\/web\\\/fundacion-sargantana-social\\\/#primaryimage\"},\"thumbnailUrl\":\"https:\\\/\\\/sargantana.info\\\/web\\\/wp-content\\\/uploads\\\/2025\\\/09\\\/DSC_5822_3-1024x724.jpg\",\"datePublished\":\"2025-05-13T09:15:00+00:00\",\"dateModified\":\"2025-10-17T15:15:22+00:00\",\"description\":\"Conoce nuestra historia, valores y misi\u00f3n. Descubre c\u00f3mo trabajamos para ofrecerte lo mejor cada d\u00eda. \u00a1Vive la naturaleza con nosotros!\",\"breadcrumb\":{\"@id\":\"https:\\\/\\\/sargantana.info\\\/web\\\/fundacion-sargantana-social\\\/#breadcrumb\"},\"inLanguage\":\"es\",\"potentialAction\":[{\"@type\":\"ReadAction\",\"target\":[\"https:\\\/\\\/sargantana.info\\\/web\\\/fundacion-sargantana-social\\\/\"]}]},{\"@type\":\"ImageObject\",\"inLanguage\":\"es\",\"@id\":\"https:\\\/\\\/sargantana.info\\\/web\\\/fundacion-sargantana-social\\\/#primaryimage\",\"url\":\"https:\\\/\\\/sargantana.info\\\/web\\\/wp-content\\\/uploads\\\/2025\\\/09\\\/DSC_5822_3.jpg\",\"contentUrl\":\"https:\\\/\\\/sargantana.info\\\/web\\\/wp-content\\\/uploads\\\/2025\\\/09\\\/DSC_5822_3.jpg\",\"width\":1754,\"height\":1240},{\"@type\":\"BreadcrumbList\",\"@id\":\"https:\\\/\\\/sargantana.info\\\/web\\\/fundacion-sargantana-social\\\/#breadcrumb\",\"itemListElement\":[{\"@type\":\"ListItem\",\"position\":1,\"name\":\"Portada\",\"item\":\"https:\\\/\\\/sargantana.info\\\/web\\\/\"},{\"@type\":\"ListItem\",\"position\":2,\"name\":\"FUNDACION SARGANTANA SOCIAL\"}]},{\"@type\":\"WebSite\",\"@id\":\"https:\\\/\\\/sargantana.info\\\/web\\\/#website\",\"url\":\"https:\\\/\\\/sargantana.info\\\/web\\\/\",\"name\":\"Sargantana\",\"description\":\"Educaci\u00f3n ambiental y tiempo libre en el Pirineo Aragon\u00e9s\",\"publisher\":{\"@id\":\"https:\\\/\\\/sargantana.info\\\/web\\\/#organization\"},\"potentialAction\":[{\"@type\":\"SearchAction\",\"target\":{\"@type\":\"EntryPoint\",\"urlTemplate\":\"https:\\\/\\\/sargantana.info\\\/web\\\/?s={search_term_string}\"},\"query-input\":{\"@type\":\"PropertyValueSpecification\",\"valueRequired\":true,\"valueName\":\"search_term_string\"}}],\"inLanguage\":\"es\"},{\"@type\":\"Organization\",\"@id\":\"https:\\\/\\\/sargantana.info\\\/web\\\/#organization\",\"name\":\"Sargantana\",\"url\":\"https:\\\/\\\/sargantana.info\\\/web\\\/\",\"logo\":{\"@type\":\"ImageObject\",\"inLanguage\":\"es\",\"@id\":\"https:\\\/\\\/sargantana.info\\\/web\\\/#\\\/schema\\\/logo\\\/image\\\/\",\"url\":\"https:\\\/\\\/sargantana.info\\\/web\\\/wp-content\\\/uploads\\\/2023\\\/02\\\/Sargantana-transparente-e1676147721574.png\",\"contentUrl\":\"https:\\\/\\\/sargantana.info\\\/web\\\/wp-content\\\/uploads\\\/2023\\\/02\\\/Sargantana-transparente-e1676147721574.png\",\"width\":365,\"height\":211,\"caption\":\"Sargantana\"},\"image\":{\"@id\":\"https:\\\/\\\/sargantana.info\\\/web\\\/#\\\/schema\\\/logo\\\/image\\\/\"},\"sameAs\":[\"https:\\\/\\\/www.facebook.com\\\/Sargantana.info\",\"https:\\\/\\\/x.com\\\/Sargantana_\",\"https:\\\/\\\/www.instagram.com\\\/sargantana_canfranc\\\/\"]}]}<\/script>\n<!-- \/ Yoast SEO plugin. -->","yoast_head_json":{"title":"FUNDACION SARGANTANA SOCIAL - Sargantana","description":"Conoce nuestra historia, valores y misi\u00f3n. Descubre c\u00f3mo trabajamos para ofrecerte lo mejor cada d\u00eda. \u00a1Vive la naturaleza con nosotros!","robots":{"index":"index","follow":"follow","max-snippet":"max-snippet:-1","max-image-preview":"max-image-preview:large","max-video-preview":"max-video-preview:-1"},"canonical":"https:\/\/sargantana.info\/web\/fundacion-sargantana-social\/","og_locale":"es_ES","og_type":"article","og_title":"FUNDACION SARGANTANA SOCIAL - Sargantana","og_description":"Conoce nuestra historia, valores y misi\u00f3n. Descubre c\u00f3mo trabajamos para ofrecerte lo mejor cada d\u00eda. \u00a1Vive la naturaleza con nosotros!","og_url":"https:\/\/sargantana.info\/web\/fundacion-sargantana-social\/","og_site_name":"Sargantana","article_publisher":"https:\/\/www.facebook.com\/Sargantana.info","article_modified_time":"2025-10-17T15:15:22+00:00","og_image":[{"width":1754,"height":1240,"url":"https:\/\/sargantana.info\/web\/wp-content\/uploads\/2025\/09\/DSC_5822_3.jpg","type":"image\/jpeg"}],"twitter_card":"summary_large_image","twitter_site":"@Sargantana_","twitter_misc":{"Tiempo de lectura":"3 minutos"},"schema":{"@context":"https:\/\/schema.org","@graph":[{"@type":"WebPage","@id":"https:\/\/sargantana.info\/web\/fundacion-sargantana-social\/","url":"https:\/\/sargantana.info\/web\/fundacion-sargantana-social\/","name":"FUNDACION SARGANTANA SOCIAL - Sargantana","isPartOf":{"@id":"https:\/\/sargantana.info\/web\/#website"},"primaryImageOfPage":{"@id":"https:\/\/sargantana.info\/web\/fundacion-sargantana-social\/#primaryimage"},"image":{"@id":"https:\/\/sargantana.info\/web\/fundacion-sargantana-social\/#primaryimage"},"thumbnailUrl":"https:\/\/sargantana.info\/web\/wp-content\/uploads\/2025\/09\/DSC_5822_3-1024x724.jpg","datePublished":"2025-05-13T09:15:00+00:00","dateModified":"2025-10-17T15:15:22+00:00","description":"Conoce nuestra historia, valores y misi\u00f3n. Descubre c\u00f3mo trabajamos para ofrecerte lo mejor cada d\u00eda. \u00a1Vive la naturaleza con nosotros!","breadcrumb":{"@id":"https:\/\/sargantana.info\/web\/fundacion-sargantana-social\/#breadcrumb"},"inLanguage":"es","potentialAction":[{"@type":"ReadAction","target":["https:\/\/sargantana.info\/web\/fundacion-sargantana-social\/"]}]},{"@type":"ImageObject","inLanguage":"es","@id":"https:\/\/sargantana.info\/web\/fundacion-sargantana-social\/#primaryimage","url":"https:\/\/sargantana.info\/web\/wp-content\/uploads\/2025\/09\/DSC_5822_3.jpg","contentUrl":"https:\/\/sargantana.info\/web\/wp-content\/uploads\/2025\/09\/DSC_5822_3.jpg","width":1754,"height":1240},{"@type":"BreadcrumbList","@id":"https:\/\/sargantana.info\/web\/fundacion-sargantana-social\/#breadcrumb","itemListElement":[{"@type":"ListItem","position":1,"name":"Portada","item":"https:\/\/sargantana.info\/web\/"},{"@type":"ListItem","position":2,"name":"FUNDACION SARGANTANA SOCIAL"}]},{"@type":"WebSite","@id":"https:\/\/sargantana.info\/web\/#website","url":"https:\/\/sargantana.info\/web\/","name":"Sargantana","description":"Educaci\u00f3n ambiental y tiempo libre en el Pirineo Aragon\u00e9s","publisher":{"@id":"https:\/\/sargantana.info\/web\/#organization"},"potentialAction":[{"@type":"SearchAction","target":{"@type":"EntryPoint","urlTemplate":"https:\/\/sargantana.info\/web\/?s={search_term_string}"},"query-input":{"@type":"PropertyValueSpecification","valueRequired":true,"valueName":"search_term_string"}}],"inLanguage":"es"},{"@type":"Organization","@id":"https:\/\/sargantana.info\/web\/#organization","name":"Sargantana","url":"https:\/\/sargantana.info\/web\/","logo":{"@type":"ImageObject","inLanguage":"es","@id":"https:\/\/sargantana.info\/web\/#\/schema\/logo\/image\/","url":"https:\/\/sargantana.info\/web\/wp-content\/uploads\/2023\/02\/Sargantana-transparente-e1676147721574.png","contentUrl":"https:\/\/sargantana.info\/web\/wp-content\/uploads\/2023\/02\/Sargantana-transparente-e1676147721574.png","width":365,"height":211,"caption":"Sargantana"},"image":{"@id":"https:\/\/sargantana.info\/web\/#\/schema\/logo\/image\/"},"sameAs":["https:\/\/www.facebook.com\/Sargantana.info","https:\/\/x.com\/Sargantana_","https:\/\/www.instagram.com\/sargantana_canfranc\/"]}]}},"_links":{"self":[{"href":"https:\/\/sargantana.info\/web\/wp-json\/wp\/v2\/pages\/78700","targetHints":{"allow":["GET"]}}],"collection":[{"href":"https:\/\/sargantana.info\/web\/wp-json\/wp\/v2\/pages"}],"about":[{"href":"https:\/\/sargantana.info\/web\/wp-json\/wp\/v2\/types\/page"}],"author":[{"embeddable":true,"href":"https:\/\/sargantana.info\/web\/wp-json\/wp\/v2\/users\/1"}],"replies":[{"embeddable":true,"href":"https:\/\/sargantana.info\/web\/wp-json\/wp\/v2\/comments?post=78700"}],"version-history":[{"count":43,"href":"https:\/\/sargantana.info\/web\/wp-json\/wp\/v2\/pages\/78700\/revisions"}],"predecessor-version":[{"id":79031,"href":"https:\/\/sargantana.info\/web\/wp-json\/wp\/v2\/pages\/78700\/revisions\/79031"}],"wp:attachment":[{"href":"https:\/\/sargantana.info\/web\/wp-json\/wp\/v2\/media?parent=78700"}],"curies":[{"name":"wp","href":"https:\/\/api.w.org\/{rel}","templated":true}]}}